{"id":4172,"date":"2021-05-27T18:01:00","date_gmt":"2021-05-28T01:01:00","guid":{"rendered":"https:\/\/coral.org\/home\/"},"modified":"2025-06-07T04:25:53","modified_gmt":"2025-06-07T11:25:53","slug":"home","status":"publish","type":"page","link":"https:\/\/coral.org\/es\/","title":{"rendered":"Inicio"},"content":{"rendered":"\n<div class=\"wp-block-cover-slider  alignfull\" id=\"cover-slider-block_6124d5b8a531b65d572956ee1f8fd572\">\n\t<div class=\"wp-block-cover-slider__video-container\">\n\t\t\t\t\t<video \n\t\t\t\tclass=\"wp-block-cover-slider__video\" \n\t\t\t\tautoplay \n\t\t\t\tloop \n\t\t\t\tmuted \n\t\t\t\tplaysinline \n\t\t\t\tpreload=\"metadata\"\n\t\t\t\tposter=\"\"\n\t\t\t>\n\t\t\t\t<source src=\"https:\/\/coral.org\/wp-content\/uploads\/2024\/11\/Homepage-Video-Cut-Silent.mp4\" type=\"video\/mp4\">\n\t\t\t<\/video>\n\t\t\t<\/div>\n\t<div class=\"wp-block-cover-slider__inner-container\">\n\t\t\n\n<h2 class=\"wp-block-heading has-text-align-center has-white-color has-text-color has-gigantic-font-size\">Creemos en los arrecifes de coral.<\/h2>\n\n\n\n<div class=\"wp-block-buttons is-horizontal is-content-justification-center is-layout-flex wp-container-core-buttons-is-layout-499968f5 wp-block-buttons-is-layout-flex\">\n<div class=\"wp-block-button\"><a class=\"wp-block-button__link has-salmon-background-color has-background wp-element-button\" href=\"https:\/\/give.coral.org\/give\/406853\/#!\/donation\/checkout\" target=\"_blank\" rel=\"noreferrer noopener\">Apoya a CORAL<\/a><\/div>\n<\/div>\n\n\n\n\t\t\n\t\t<a href=\"#\" data-src=\"https:\/\/www.youtube.com\/embed\/9-AtjsWKZeo?si=XiU5qHhlEP1M2eAG\" data-lightbox=\"cover-slider-633e838ba39ca5967a1c65b675ff0923\" data-type=\"iframe\" class=\"wp-block-cover-slider__video-anchor\">\n\t\t\t<svg width=\"42\" height=\"42\" viewBox=\"0 0 64 64\" xmlns=\"http:\/\/www.w3.org\/2000\/svg\">\n\t\t\t\t<circle cx=\"32\" cy=\"32\" r=\"32\" \/>\n\t\t\t\t<polygon points=\"25,18 50,32 25,46\" fill=\"#FFFFFF\" \/>\n\t\t\t<\/svg>\n\t\t\tHaz clic para reproducir\t\t<\/a>\n\n\t\t\t<\/div>\n<\/div>\n\n\n\n<div style=\"height:80px\" aria-hidden=\"true\" class=\"wp-block-spacer is-style-huge\"><\/div>\n\n\n\n<div class=\"wp-block-columns is-layout-flex wp-container-core-columns-is-layout-9d6595d7 wp-block-columns-is-layout-flex\">\n<div class=\"wp-block-column is-layout-flow wp-block-column-is-layout-flow\"><\/div>\n\n\n\n<div class=\"wp-block-column is-layout-flow wp-block-column-is-layout-flow\" style=\"flex-basis:66%\">\n<h3 class=\"wp-block-heading has-text-align-center has-blue-color has-text-color\">Millones de personas y especies de vida silvestre dependen de los arrecifes de coral. Aunque el cambio clim\u00e1tico amenaza su futuro, la ciencia demuestra que los corales pueden adaptarse y sobrevivir si los mantenemos saludables.<\/h3>\n<\/div>\n\n\n\n<div class=\"wp-block-column is-layout-flow wp-block-column-is-layout-flow\"><\/div>\n<\/div>\n\n\n\n<div style=\"height:100px\" aria-hidden=\"true\" class=\"wp-block-spacer is-style-medium\"><\/div>\n\n\n\n<div class=\"wp-block-media-text alignwide is-stacked-on-mobile is-vertically-aligned-center extra-padding is-style-large has-light-sea-green-to-june-bud-gradient-background has-background\"><figure class=\"wp-block-media-text__media\"><img loading=\"lazy\" decoding=\"async\" width=\"1024\" height=\"795\" src=\"https:\/\/coral.org\/wp-content\/uploads\/2021\/06\/cutting-edge-science-1024x795.jpg\" alt=\"\" class=\"wp-image-191 size-full\" srcset=\"https:\/\/static.coral.org\/uploads\/2021\/06\/cutting-edge-science-1024x795.jpg 1024w, https:\/\/static.coral.org\/uploads\/2021\/06\/cutting-edge-science-796x618.jpg 796w, https:\/\/static.coral.org\/uploads\/2021\/06\/cutting-edge-science-768x596.jpg 768w, https:\/\/static.coral.org\/uploads\/2021\/06\/cutting-edge-science-1536x1192.jpg 1536w, https:\/\/static.coral.org\/uploads\/2021\/06\/cutting-edge-science.jpg 1546w\" sizes=\"auto, (max-width: 1024px) 100vw, 1024px\" \/><figcaption>Credit: Shaun Wolfe \/ Ocean Image Bank<\/figcaption><\/figure><div class=\"wp-block-media-text__content\">\n<h2 class=\"wp-block-heading has-white-color has-text-color\">Ciencia de Vanguardia. Compromiso con la Comunidad.<\/h2>\n\n\n\n<p class=\"has-white-color has-text-color has-medium-font-size\">Durante casi 30 a\u00f1os, CORAL ha combinado la ciencia de vanguardia y el compromiso de la comunidad para reducir las amenazas directas a los arrecifes y promover soluciones escalables y eficaces para su protecci\u00f3n.<\/p>\n\n\n\n<div style=\"height:100px\" aria-hidden=\"true\" class=\"wp-block-spacer is-style-small\"><\/div>\n\n\n\n<div class=\"wp-block-buttons is-layout-flex wp-block-buttons-is-layout-flex\">\n<div class=\"wp-block-button is-style-outline is-style-outline--1\"><a class=\"wp-block-button__link has-white-color has-june-bud-background-color has-text-color has-background wp-element-button\" href=\"https:\/\/coral.org\/es\/acerca-de-nosotros\/mission-history\/\" target=\"_blank\" rel=\"noreferrer noopener\">Qu\u00e9 Hacemos<\/a><\/div>\n<\/div>\n<\/div><\/div>\n\n\n\n<div class=\"wp-block-media-text alignwide has-media-on-the-right is-stacked-on-mobile is-vertically-aligned-center extra-padding is-style-large has-salmon-to-yellow-gradient-background has-background\"><div class=\"wp-block-media-text__content\">\n<h2 class=\"wp-block-heading has-white-color has-text-color\">Impacto Global, Regional y Local<\/h2>\n\n\n\n<p class=\"has-white-color has-text-color has-medium-font-size\">Empleamos una variedad de enfoques de conservaci\u00f3n e involucramos a diversas comunidades locales y de todo el mundo para salvar los arrecifes de coral.<\/p>\n\n\n\n<div style=\"height:100px\" aria-hidden=\"true\" class=\"wp-block-spacer is-style-small\"><\/div>\n\n\n\n<div class=\"wp-block-buttons is-layout-flex wp-block-buttons-is-layout-flex\">\n<div class=\"wp-block-button is-style-outline is-style-outline--2\"><a class=\"wp-block-button__link has-white-color has-salmon-background-color has-text-color has-background wp-element-button\" href=\"https:\/\/coral.org\/es\/donde-trabajamos\/\">D\u00f3nde Trabajamos<\/a><\/div>\n<\/div>\n<\/div><figure class=\"wp-block-media-text__media\"><img loading=\"lazy\" decoding=\"async\" width=\"1024\" height=\"795\" src=\"https:\/\/coral.org\/wp-content\/uploads\/2021\/06\/impact-globally-regionally-locally-1024x795.jpg\" alt=\"\" class=\"wp-image-203 size-full\" srcset=\"https:\/\/static.coral.org\/uploads\/2021\/06\/impact-globally-regionally-locally-1024x795.jpg 1024w, https:\/\/static.coral.org\/uploads\/2021\/06\/impact-globally-regionally-locally-796x618.jpg 796w, https:\/\/static.coral.org\/uploads\/2021\/06\/impact-globally-regionally-locally-768x596.jpg 768w, https:\/\/static.coral.org\/uploads\/2021\/06\/impact-globally-regionally-locally-1536x1192.jpg 1536w, https:\/\/static.coral.org\/uploads\/2021\/06\/impact-globally-regionally-locally.jpg 1546w\" sizes=\"auto, (max-width: 1024px) 100vw, 1024px\" \/><figcaption>Credit: Roatan Marine Park<\/figcaption><\/figure><\/div>\n\n\n\n<div class=\"wp-block-media-text alignwide is-stacked-on-mobile is-vertically-aligned-center extra-padding is-style-large has-salmon-to-rouge-gradient-background has-background\"><figure class=\"wp-block-media-text__media\"><img loading=\"lazy\" decoding=\"async\" width=\"1024\" height=\"795\" src=\"https:\/\/coral.org\/wp-content\/uploads\/2021\/08\/coral-impact-learn-how-1024x795.jpg\" alt=\"\" class=\"wp-image-980 size-full\" srcset=\"https:\/\/static.coral.org\/uploads\/2021\/08\/coral-impact-learn-how-1024x795.jpg 1024w, https:\/\/static.coral.org\/uploads\/2021\/08\/coral-impact-learn-how-796x618.jpg 796w, https:\/\/static.coral.org\/uploads\/2021\/08\/coral-impact-learn-how-768x596.jpg 768w, https:\/\/static.coral.org\/uploads\/2021\/08\/coral-impact-learn-how-1536x1192.jpg 1536w, https:\/\/static.coral.org\/uploads\/2021\/08\/coral-impact-learn-how.jpg 1546w\" sizes=\"auto, (max-width: 1024px) 100vw, 1024px\" \/><\/figure><div class=\"wp-block-media-text__content\">\n<h2 class=\"wp-block-heading has-white-color has-text-color\">S\u00ed se Puede<\/h2>\n\n\n\n<p class=\"has-white-color has-text-color has-medium-font-size\">Los arrecifes de coral s\u00ed pueden adaptarse al cambio clim\u00e1tico. Si juntos tomamos las medidas adecuadas, pueden evolucionar y prosperar durante generaciones.<\/p>\n\n\n\n<div style=\"height:100px\" aria-hidden=\"true\" class=\"wp-block-spacer is-style-small\"><\/div>\n\n\n\n<div class=\"wp-block-buttons is-layout-flex wp-block-buttons-is-layout-flex\">\n<div class=\"wp-block-button is-style-outline is-style-outline--3\"><a class=\"wp-block-button__link has-white-color has-rouge-background-color has-text-color has-background wp-element-button\" href=\"https:\/\/coral.org\/es\/como-trabajamos\/scientific-leadership\/\">Descubre C\u00f3mo<\/a><\/div>\n<\/div>\n<\/div><\/div>\n\n\n\n<div style=\"height:40px\" aria-hidden=\"true\" class=\"wp-block-spacer is-style-large\"><\/div>\n\n\n\n<div class=\"wp-block-columns is-style-separator is-layout-flex wp-container-core-columns-is-layout-9d6595d7 wp-block-columns-is-layout-flex\">\n<div class=\"wp-block-column is-layout-flow wp-block-column-is-layout-flow\">\n<p class=\"has-text-align-center is-style-count-up has-june-bud-color has-text-color has-enormous-font-size\">25%<\/p>\n\n\n\n<p class=\"has-text-align-center\">de la vida marina depende de los<br>de los arrecifes de coral<\/p>\n<\/div>\n\n\n\n<div class=\"wp-block-column is-layout-flow wp-block-column-is-layout-flow\">\n<p class=\"has-text-align-center is-style-count-up has-june-bud-color has-text-color has-enormous-font-size\">500M<\/p>\n\n\n\n<p class=\"has-text-align-center margin-bottom-0 has-normal-font-size\">de personas dependen de los arrecifes de coral para alimentarse, obtener ingresos y proteger las costas<\/p>\n<\/div>\n\n\n\n<div class=\"wp-block-column is-layout-flow wp-block-column-is-layout-flow\">\n<p class=\"has-text-align-center is-style-count-up has-june-bud-color has-text-color has-enormous-font-size\"><sup>$<\/sup>375B<\/p>\n\n\n\n<p class=\"has-text-align-center\">en servicios proviene de los arrecifes de coral<br>cada a\u00f1o<\/p>\n<\/div>\n<\/div>\n\n\n\n<div style=\"height:100px\" aria-hidden=\"true\" class=\"wp-block-spacer is-style-large\"><\/div>\n\n\n\n<div class=\"wp-block-columns is-layout-flex wp-container-core-columns-is-layout-9d6595d7 wp-block-columns-is-layout-flex\">\n<div class=\"wp-block-column is-layout-flow wp-block-column-is-layout-flow\" style=\"flex-basis:50%\">\n<figure class=\"wp-block-image aligncenter size-large is-resized is-style-rounded\"><img loading=\"lazy\" decoding=\"async\" width=\"1024\" height=\"1024\" src=\"https:\/\/coral.org\/wp-content\/uploads\/2022\/10\/HS-1024x1024.png\" alt=\"\" class=\"wp-image-6238\" style=\"width:512px;height:512px\" srcset=\"https:\/\/static.coral.org\/uploads\/2022\/10\/HS-1024x1024.png 1024w, https:\/\/static.coral.org\/uploads\/2022\/10\/HS-796x796.png 796w, https:\/\/static.coral.org\/uploads\/2022\/10\/HS-500x500.png 500w, https:\/\/static.coral.org\/uploads\/2022\/10\/HS-768x768.png 768w, https:\/\/static.coral.org\/uploads\/2022\/10\/HS-600x600.png 600w, https:\/\/static.coral.org\/uploads\/2022\/10\/HS.png 1080w\" sizes=\"auto, (max-width: 1024px) 100vw, 1024px\" \/><\/figure>\n<\/div>\n\n\n\n<div class=\"wp-block-column is-vertically-aligned-center is-layout-flow wp-block-column-is-layout-flow\" style=\"flex-basis:41.666%\">\n<h5 class=\"wp-block-heading has-dark-gray-color has-text-color\">Perfil Destacado<\/h5>\n\n\n\n<div style=\"height:100px\" aria-hidden=\"true\" class=\"wp-block-spacer is-style-small\"><\/div>\n\n\n\n<h2 class=\"wp-block-heading has-blue-color has-text-color\">Conoce a Heather Starck<\/h2>\n\n\n\n<p class=\"has-normal-font-size\">Conozca a la nueva directora ejecutiva de CORAL y sepa por qu\u00e9 est\u00e1 decidida a salvar los arrecifes de coral del mundo.<\/p>\n\n\n\n<div class=\"wp-block-buttons alignwide is-content-justification-center is-layout-flex wp-container-core-buttons-is-layout-16018d1d wp-block-buttons-is-layout-flex\">\n<div class=\"wp-block-button\"><a class=\"wp-block-button__link wp-element-button\" href=\"https:\/\/coral.org\/es\/blog\/conoce-a-heather-starck-la-nueva-directora-ejecutiva-de-coral\/\">Ver m\u00e1s<\/a><\/div>\n<\/div>\n\n\n\n<div style=\"height:100px\" aria-hidden=\"true\" class=\"wp-block-spacer is-style-small\"><\/div>\n\n\n\n<p><\/p>\n<\/div>\n<\/div>\n\n\n\n<div style=\"height:100px\" aria-hidden=\"true\" class=\"wp-block-spacer is-style-huge\"><\/div>\n\n\n\n<div class=\"wp-block-query is-slider is-layout-flow wp-block-query-is-layout-flow\" data-paged=\"1\" data-attrs=\"{&quot;blockName&quot;:&quot;core\\\/query&quot;,&quot;attrs&quot;:{&quot;queryId&quot;:19,&quot;query&quot;:{&quot;perPage&quot;:&quot;10&quot;,&quot;pages&quot;:0,&quot;offset&quot;:0,&quot;postType&quot;:&quot;post&quot;,&quot;order&quot;:&quot;desc&quot;,&quot;orderBy&quot;:&quot;date&quot;,&quot;author&quot;:&quot;&quot;,&quot;search&quot;:&quot;&quot;,&quot;exclude&quot;:[],&quot;sticky&quot;:&quot;&quot;,&quot;inherit&quot;:false,&quot;taxQuery&quot;:{&quot;category&quot;:[2,336,322]}},&quot;className&quot;:&quot;is-slider&quot;},&quot;innerBlocks&quot;:[{&quot;blockName&quot;:&quot;core\\\/post-template&quot;,&quot;attrs&quot;:{&quot;layout&quot;:{&quot;type&quot;:&quot;grid&quot;,&quot;columnCount&quot;:3}},&quot;innerBlocks&quot;:[{&quot;blockName&quot;:&quot;wpbtp\\\/template-part&quot;,&quot;attrs&quot;:{&quot;templatePart&quot;:&quot;template-parts\\\/content-post&quot;},&quot;innerBlocks&quot;:[],&quot;innerHTML&quot;:&quot;&quot;,&quot;innerContent&quot;:[]}],&quot;innerHTML&quot;:&quot;\\n\\n&quot;,&quot;innerContent&quot;:[&quot;\\n&quot;,null,&quot;\\n&quot;]}],&quot;innerHTML&quot;:&quot;\\n&lt;div class=\\&quot;wp-block-query is-slider\\&quot;&gt;&lt;\\\/div&gt;\\n&quot;,&quot;innerContent&quot;:[&quot;\\n&lt;div class=\\&quot;wp-block-query is-slider\\&quot;&gt;&quot;,null,&quot;&lt;\\\/div&gt;\\n&quot;]}\"><div class=\"wp-block-post-template is-layout-grid wp-container-core-post-template-is-layout-2fc57c17 wp-block-post-template-is-layout-grid\"><div class=\"wp-block-post post-9319 post type-post status-publish format-standard has-post-thumbnail category-science-news-es entry\">\n<div class=\"wp-block-wpbtp-template-part is-layout-grid wp-container-core-post-template-is-layout-2fc57c17 wp-block-post-template-is-layout-grid\">\n<article class=\"article article-post post-9319 post type-post status-publish format-standard has-post-thumbnail category-science-news-es entry\">\n\t<div class=\"entry-image\">\n\t\t<a href=\"https:\/\/coral.org\/es\/blog\/por-que-los-arrecifes-conectados-son-fundamentales-para-el-futuro-de-la-conservacion-de-los-corales\/\">\n\t\t\t<img loading=\"lazy\" decoding=\"async\" width=\"740\" height=\"560\" src=\"https:\/\/static.coral.org\/uploads\/2017\/07\/pexels-stergerz-11227664-740x560.jpg\" class=\"attachment-preview size-preview wp-post-image\" alt=\"Aerial view of a coral reef ecosystem, showing intricate reef formations beneath clear ocean water\" \/>\t\t<\/a>\n\t<\/div>\n\t<div class=\"entry-meta\">\n\t\t<ul class=\"post-categories\">\n\t<li><a href=\"https:\/\/coral.org\/es\/blog\/category\/science-news-es\/\" rel=\"category tag\">Noticias de Ciencia<\/a><\/li><\/ul>\t<\/div>\n\t<div class=\"entry-body\">\n\t\t<h2 class=\"entry-title\"><a href=\"https:\/\/coral.org\/es\/blog\/por-que-los-arrecifes-conectados-son-fundamentales-para-el-futuro-de-la-conservacion-de-los-corales\/\" class=\"entry-title-link\">Por qu\u00e9 los arrecifes conectados son fundamentales para el futuro de la conservaci\u00f3n de los corales<\/a><\/h2>\t\t<p>Los arrecifes de coral se enfrentan a m\u00e1s presiones que nunca, concretamente al calentamiento de los oc\u00e9anos, la contaminaci\u00f3n procedente de tierra firme y la sobrepesca. Sin embargo, a pesar de estos retos cada vez mayores, los arrecifes siguen teniendo una incre\u00edble capacidad de adaptaci\u00f3n. La clave est\u00e1 en asegurarnos de que est\u00e9n sanos, conectados&hellip; <a href=\"https:\/\/coral.org\/es\/blog\/por-que-los-arrecifes-conectados-son-fundamentales-para-el-futuro-de-la-conservacion-de-los-corales\/\" class=\"more-link\">Sigue Leyendo &#8594;<\/a><\/p>\n\t<\/div>\n<\/article>\n<\/div>\n<\/div><div class=\"wp-block-post post-9273 post type-post status-publish format-standard has-post-thumbnail category-science-news-es tag-adaptation-science tag-announcements entry\">\n<div class=\"wp-block-wpbtp-template-part is-layout-grid wp-container-core-post-template-is-layout-2fc57c17 wp-block-post-template-is-layout-grid\">\n<article class=\"article article-post post-9273 post type-post status-publish format-standard has-post-thumbnail category-science-news-es tag-adaptation-science tag-announcements entry\">\n\t<div class=\"entry-image\">\n\t\t<a href=\"https:\/\/coral.org\/es\/blog\/como-funciona-la-adaptacion-de-los-corales-y-por-que-es-importante-para-la-supervivencia-de-los-arrecifes-video\/\">\n\t\t\t<img loading=\"lazy\" decoding=\"async\" width=\"740\" height=\"560\" src=\"https:\/\/static.coral.org\/uploads\/2026\/03\/CORAL-scientist-Sarah-Severino-tests-water-turbidity-in-Molokai-740x560.jpeg\" class=\"attachment-preview size-preview wp-post-image\" alt=\"CORAL scientist, Sarah Severino, tests water turbidity in Molokai\" \/>\t\t<\/a>\n\t<\/div>\n\t<div class=\"entry-meta\">\n\t\t<ul class=\"post-categories\">\n\t<li><a href=\"https:\/\/coral.org\/es\/blog\/category\/science-news-es\/\" rel=\"category tag\">Noticias de Ciencia<\/a><\/li><\/ul>\t<\/div>\n\t<div class=\"entry-body\">\n\t\t<h2 class=\"entry-title\"><a href=\"https:\/\/coral.org\/es\/blog\/como-funciona-la-adaptacion-de-los-corales-y-por-que-es-importante-para-la-supervivencia-de-los-arrecifes-video\/\" class=\"entry-title-link\">C\u00f3mo funciona la adaptaci\u00f3n de los corales y por qu\u00e9 es importante para la supervivencia de los arrecifes [Video]<\/a><\/h2>\t\t<p>Los arrecifes de coral est\u00e1n cambiando. El calentamiento de los oc\u00e9anos, la contaminaci\u00f3n del agua y los cambios en los ecosistemas est\u00e1n alterando las condiciones de las que los arrecifes han dependido durante miles de a\u00f1os. Lo que a menudo se pasa por alto en ese debate es lo siguiente: los corales no son est\u00e1ticos&hellip; <a href=\"https:\/\/coral.org\/es\/blog\/como-funciona-la-adaptacion-de-los-corales-y-por-que-es-importante-para-la-supervivencia-de-los-arrecifes-video\/\" class=\"more-link\">Sigue Leyendo &#8594;<\/a><\/p>\n\t<\/div>\n<\/article>\n<\/div>\n<\/div><div class=\"wp-block-post post-9260 post type-post status-publish format-standard has-post-thumbnail category-noticias tag-announcements tag-clean-water tag-dominica tag-local entry\">\n<div class=\"wp-block-wpbtp-template-part is-layout-grid wp-container-core-post-template-is-layout-2fc57c17 wp-block-post-template-is-layout-grid\">\n<article class=\"article article-post post-9260 post type-post status-publish format-standard has-post-thumbnail category-noticias tag-announcements tag-clean-water tag-dominica tag-local entry\">\n\t<div class=\"entry-image\">\n\t\t<a href=\"https:\/\/coral.org\/es\/blog\/la-expansion-de-coral-en-el-caribe-oriental\/\">\n\t\t\t<img loading=\"lazy\" decoding=\"async\" width=\"740\" height=\"560\" src=\"https:\/\/static.coral.org\/uploads\/2026\/03\/Scotts-Head-Marine-Reserve-Dominica-Coral-Reef-Alliance-740x560.jpg\" class=\"attachment-preview size-preview wp-post-image\" alt=\"Crystal clear ocean water and sunny, blue skies at Scotts Head Marine Reserve in Dominica\" \/>\t\t<\/a>\n\t<\/div>\n\t<div class=\"entry-meta\">\n\t\t<ul class=\"post-categories\">\n\t<li><a href=\"https:\/\/coral.org\/es\/blog\/category\/noticias\/\" rel=\"category tag\">Noticias<\/a><\/li><\/ul>\t<\/div>\n\t<div class=\"entry-body\">\n\t\t<h2 class=\"entry-title\"><a href=\"https:\/\/coral.org\/es\/blog\/la-expansion-de-coral-en-el-caribe-oriental\/\" class=\"entry-title-link\">La expansi\u00f3n de CORAL en el Caribe Oriental<\/a><\/h2>\t\t<p>Por Zach Hoffman Cuando me incorpor\u00e9 a Coral Reef Alliance, sab\u00eda que nuestro trabajo abarcaba algunos de los ecosistemas de arrecifes de coral m\u00e1s importantes del mundo. Pero saberlo sobre el papel es muy diferente a estar por primera vez a orillas de uno de esos lugares. Mi primera visita al Hub del Caribe Oriental&hellip; <a href=\"https:\/\/coral.org\/es\/blog\/la-expansion-de-coral-en-el-caribe-oriental\/\" class=\"more-link\">Sigue Leyendo &#8594;<\/a><\/p>\n\t<\/div>\n<\/article>\n<\/div>\n<\/div><div class=\"wp-block-post post-9236 post type-post status-publish format-standard has-post-thumbnail category-en-las-noticias category-noticias tag-announcements tag-climate-change tag-coral-bleaching tag-coral-reef-conservation tag-coral-reef-resilience entry\">\n<div class=\"wp-block-wpbtp-template-part is-layout-grid wp-container-core-post-template-is-layout-2fc57c17 wp-block-post-template-is-layout-grid\">\n<article class=\"article article-post post-9236 post type-post status-publish format-standard has-post-thumbnail category-en-las-noticias category-noticias tag-announcements tag-climate-change tag-coral-bleaching tag-coral-reef-conservation tag-coral-reef-resilience entry\">\n\t<div class=\"entry-image\">\n\t\t<a href=\"https:\/\/coral.org\/es\/blog\/el-mes-de-la-concientizacion-sobre-el-blanqueamiento-de-los-corales-se-traslada-a-septiembre\/\">\n\t\t\t<img loading=\"lazy\" decoding=\"async\" width=\"740\" height=\"560\" src=\"https:\/\/static.coral.org\/uploads\/2026\/03\/Coral-Bleaching-Awareness-Month-740x560.jpg\" class=\"attachment-preview size-preview wp-post-image\" alt=\"A blanked of bleached coral signifies the danger of coral bleaching\" \/>\t\t<\/a>\n\t<\/div>\n\t<div class=\"entry-meta\">\n\t\t<ul class=\"post-categories\">\n\t<li><a href=\"https:\/\/coral.org\/es\/blog\/category\/en-las-noticias\/\" rel=\"category tag\">En las noticias<\/a><\/li>\n\t<li><a href=\"https:\/\/coral.org\/es\/blog\/category\/noticias\/\" rel=\"category tag\">Noticias<\/a><\/li><\/ul>\t<\/div>\n\t<div class=\"entry-body\">\n\t\t<h2 class=\"entry-title\"><a href=\"https:\/\/coral.org\/es\/blog\/el-mes-de-la-concientizacion-sobre-el-blanqueamiento-de-los-corales-se-traslada-a-septiembre\/\" class=\"entry-title-link\">El mes de la concientizaci\u00f3n sobre el blanqueamiento de los corales se traslada a septiembre<\/a><\/h2>\t\t<p>El mes de la concientizaci\u00f3n sobre el blanqueamiento de los corales comienza un nuevo cap\u00edtulo. Durante tres a\u00f1os, esta campa\u00f1a global ha ayudado a la gente a comprender uno de los signos m\u00e1s evidentes del estr\u00e9s que sufren los arrecifes de coral. Ahora, el Mes de la Concientizaci\u00f3n sobre el Blanqueamiento de los Corales se&hellip; <a href=\"https:\/\/coral.org\/es\/blog\/el-mes-de-la-concientizacion-sobre-el-blanqueamiento-de-los-corales-se-traslada-a-septiembre\/\" class=\"more-link\">Sigue Leyendo &#8594;<\/a><\/p>\n\t<\/div>\n<\/article>\n<\/div>\n<\/div><div class=\"wp-block-post post-8991 post type-post status-publish format-standard has-post-thumbnail category-noticias tag-climate-adaptation tag-community-led tag-conservation-in-action tag-coral-bleaching tag-fisher-voices tag-grassroots tag-hawaii tag-heat-resistant tag-heat-stress tag-honduras tag-indigenous-stewardship tag-local-partner tag-maui tag-mesoamerican tag-spotlight tag-success-story tag-year-in-review entry\">\n<div class=\"wp-block-wpbtp-template-part is-layout-grid wp-container-core-post-template-is-layout-2fc57c17 wp-block-post-template-is-layout-grid\">\n<article class=\"article article-post post-8991 post type-post status-publish format-standard has-post-thumbnail category-noticias tag-climate-adaptation tag-community-led tag-conservation-in-action tag-coral-bleaching tag-fisher-voices tag-grassroots tag-hawaii tag-heat-resistant tag-heat-stress tag-honduras tag-indigenous-stewardship tag-local-partner tag-maui tag-mesoamerican tag-spotlight tag-success-story tag-year-in-review entry\">\n\t<div class=\"entry-image\">\n\t\t<a href=\"https:\/\/coral.org\/es\/blog\/los-2025-mejores-exitos-del-blog-de-coral\/\">\n\t\t\t<img loading=\"lazy\" decoding=\"async\" width=\"740\" height=\"560\" src=\"https:\/\/static.coral.org\/uploads\/2025\/12\/Greatest-Hits-2025-740x560.jpg\" class=\"attachment-preview size-preview wp-post-image\" alt=\"2025 Greatest Hits!\" \/>\t\t<\/a>\n\t<\/div>\n\t<div class=\"entry-meta\">\n\t\t<ul class=\"post-categories\">\n\t<li><a href=\"https:\/\/coral.org\/es\/blog\/category\/noticias\/\" rel=\"category tag\">Noticias<\/a><\/li><\/ul>\t<\/div>\n\t<div class=\"entry-body\">\n\t\t<h2 class=\"entry-title\"><a href=\"https:\/\/coral.org\/es\/blog\/los-2025-mejores-exitos-del-blog-de-coral\/\" class=\"entry-title-link\">Los Mejores \u00c9xitos del Blog de CORAL del 2025<\/a><\/h2>\t\t<p>\u00a1Este a\u00f1o ha sido muy importante para los arrecifes de coral y para la Alianza para los Arrecifes de Coral! Ahora que el a\u00f1o llega a su fin, queremos repasar las historias que m\u00e1s repercusi\u00f3n han tenido. Las que han llegado m\u00e1s lejos, han despertado la curiosidad y han ayudado a conectar a m\u00e1s personas&hellip; <a href=\"https:\/\/coral.org\/es\/blog\/los-2025-mejores-exitos-del-blog-de-coral\/\" class=\"more-link\">Sigue Leyendo &#8594;<\/a><\/p>\n\t<\/div>\n<\/article>\n<\/div>\n<\/div><div class=\"wp-block-post post-8989 post type-post status-publish format-standard has-post-thumbnail category-noticias category-staff-profiles-es tag-climate-adaptation tag-community-led-conservation tag-coral-conservation tag-coral-reefs tag-ocean-conservation tag-reef-protection entry\">\n<div class=\"wp-block-wpbtp-template-part is-layout-grid wp-container-core-post-template-is-layout-2fc57c17 wp-block-post-template-is-layout-grid\">\n<article class=\"article article-post post-8989 post type-post status-publish format-standard has-post-thumbnail category-noticias category-staff-profiles-es tag-climate-adaptation tag-community-led-conservation tag-coral-conservation tag-coral-reefs tag-ocean-conservation tag-reef-protection entry\">\n\t<div class=\"entry-image\">\n\t\t<a href=\"https:\/\/coral.org\/es\/blog\/como-coral-esta-ampliando-la-conservacion-de-los-arrecifes-de-coral-preguntas-y-respuestas-con-la-directora-ejecutiva-heather-starck\/\">\n\t\t\t<img loading=\"lazy\" decoding=\"async\" width=\"740\" height=\"560\" src=\"https:\/\/static.coral.org\/uploads\/2025\/11\/QA-with-Heather-Starck-Directors-Team-Celebrating-740x560.jpg\" class=\"attachment-preview size-preview wp-post-image\" alt=\"\" \/>\t\t<\/a>\n\t<\/div>\n\t<div class=\"entry-meta\">\n\t\t<ul class=\"post-categories\">\n\t<li><a href=\"https:\/\/coral.org\/es\/blog\/category\/noticias\/\" rel=\"category tag\">Noticias<\/a><\/li>\n\t<li><a href=\"https:\/\/coral.org\/es\/blog\/category\/staff-profiles-es\/\" rel=\"category tag\">Personal de CORAL<\/a><\/li><\/ul>\t<\/div>\n\t<div class=\"entry-body\">\n\t\t<h2 class=\"entry-title\"><a href=\"https:\/\/coral.org\/es\/blog\/como-coral-esta-ampliando-la-conservacion-de-los-arrecifes-de-coral-preguntas-y-respuestas-con-la-directora-ejecutiva-heather-starck\/\" class=\"entry-title-link\">C\u00f3mo CORAL est\u00e1 Ampliando la Conservaci\u00f3n de los Arrecifes de Coral: Preguntas y Respuestas con la Directora Ejecutiva Heather Starck<\/a><\/h2>\t\t<p>La Alianza para los Arrecifes de Coral est\u00e1 entrando en uno de los cap\u00edtulos m\u00e1s importantes de sus 30 a\u00f1os de historia. Con una importante expansi\u00f3n hacia el Caribe Oriental y un ambicioso plan estrat\u00e9gico ya en marcha, la directora ejecutiva Heather Starck est\u00e1 dirigiendo la organizaci\u00f3n hacia un mayor impacto regional y una colaboraci\u00f3n&hellip; <a href=\"https:\/\/coral.org\/es\/blog\/como-coral-esta-ampliando-la-conservacion-de-los-arrecifes-de-coral-preguntas-y-respuestas-con-la-directora-ejecutiva-heather-starck\/\" class=\"more-link\">Sigue Leyendo &#8594;<\/a><\/p>\n\t<\/div>\n<\/article>\n<\/div>\n<\/div><div class=\"wp-block-post post-8972 post type-post status-publish format-standard has-post-thumbnail category-nota-de-prensa category-noticias tag-clean-water tag-climate-resilience tag-coastal-communities tag-community-led-conservation tag-coral-reef-conservation tag-eastern-caribbean tag-marine-protected-areas tag-ocean-health entry\">\n<div class=\"wp-block-wpbtp-template-part is-layout-grid wp-container-core-post-template-is-layout-2fc57c17 wp-block-post-template-is-layout-grid\">\n<article class=\"article article-post post-8972 post type-post status-publish format-standard has-post-thumbnail category-nota-de-prensa category-noticias tag-clean-water tag-climate-resilience tag-coastal-communities tag-community-led-conservation tag-coral-reef-conservation tag-eastern-caribbean tag-marine-protected-areas tag-ocean-health entry\">\n\t<div class=\"entry-image\">\n\t\t<a href=\"https:\/\/coral.org\/es\/blog\/coral-inaugura-un-nuevo-centro-de-operaciones-en-el-caribe-oriental\/\">\n\t\t\t<img loading=\"lazy\" decoding=\"async\" width=\"740\" height=\"560\" src=\"https:\/\/static.coral.org\/uploads\/2025\/11\/Expansion-Article-Header-740x560.jpg\" class=\"attachment-preview size-preview wp-post-image\" alt=\"\" \/>\t\t<\/a>\n\t<\/div>\n\t<div class=\"entry-meta\">\n\t\t<ul class=\"post-categories\">\n\t<li><a href=\"https:\/\/coral.org\/es\/blog\/category\/nota-de-prensa\/\" rel=\"category tag\">Nota de Prensa<\/a><\/li>\n\t<li><a href=\"https:\/\/coral.org\/es\/blog\/category\/noticias\/\" rel=\"category tag\">Noticias<\/a><\/li><\/ul>\t<\/div>\n\t<div class=\"entry-body\">\n\t\t<h2 class=\"entry-title\"><a href=\"https:\/\/coral.org\/es\/blog\/coral-inaugura-un-nuevo-centro-de-operaciones-en-el-caribe-oriental\/\" class=\"entry-title-link\">CORAL inaugura un nuevo centro regional en el Caribe Oriental<\/a><\/h2>\t\t<p>\u00daLTIMA HORA: \u00a1La Alianza para los Arrecifes de Coral se expande al Caribe Oriental! Durante m\u00e1s de 30 a\u00f1os, la Alianza para los Arrecifes de Coral (CORAL) ha colaborado con comunidades, cient\u00edficos y gobiernos de Haw\u00e1i, el Arrecife Mesoamericano y el Indo-Pac\u00edfico para proteger los arrecifes de coral y a las personas que dependen de&hellip; <a href=\"https:\/\/coral.org\/es\/blog\/coral-inaugura-un-nuevo-centro-de-operaciones-en-el-caribe-oriental\/\" class=\"more-link\">Sigue Leyendo &#8594;<\/a><\/p>\n\t<\/div>\n<\/article>\n<\/div>\n<\/div><div class=\"wp-block-post post-8966 post type-post status-publish format-standard has-post-thumbnail category-agua-limpia-para-los-arrecifes category-noticias category-protected-areas tag-clean-water tag-climate-change tag-conservation-strategies tag-coral-reefs tag-global-collaboration tag-marine-protected-areas tag-reef-resilience tag-sustainable-fishing entry\">\n<div class=\"wp-block-wpbtp-template-part is-layout-grid wp-container-core-post-template-is-layout-2fc57c17 wp-block-post-template-is-layout-grid\">\n<article class=\"article article-post post-8966 post type-post status-publish format-standard has-post-thumbnail category-agua-limpia-para-los-arrecifes category-noticias category-protected-areas tag-clean-water tag-climate-change tag-conservation-strategies tag-coral-reefs tag-global-collaboration tag-marine-protected-areas tag-reef-resilience tag-sustainable-fishing entry\">\n\t<div class=\"entry-image\">\n\t\t<a href=\"https:\/\/coral.org\/es\/blog\/quieres-salvar-los-arrecifes-de-coral-4-estrategias-probadas-que-realmente-funcionan\/\">\n\t\t\t<img loading=\"lazy\" decoding=\"async\" width=\"740\" height=\"560\" src=\"https:\/\/static.coral.org\/uploads\/2025\/10\/Strategies-for-Conservation-Photo-by-Karim-Iliya-3-740x560.jpg\" class=\"attachment-preview size-preview wp-post-image\" alt=\"\" \/>\t\t<\/a>\n\t<\/div>\n\t<div class=\"entry-meta\">\n\t\t<ul class=\"post-categories\">\n\t<li><a href=\"https:\/\/coral.org\/es\/blog\/category\/agua-limpia-para-los-arrecifes\/\" rel=\"category tag\">Agua Limpia para los Arrecifes<\/a><\/li>\n\t<li><a href=\"https:\/\/coral.org\/es\/blog\/category\/noticias\/\" rel=\"category tag\">Noticias<\/a><\/li>\n\t<li><a href=\"https:\/\/coral.org\/en\/blog\/category\/protected-areas\/\" rel=\"category tag\">Protected Areas<\/a><\/li><\/ul>\t<\/div>\n\t<div class=\"entry-body\">\n\t\t<h2 class=\"entry-title\"><a href=\"https:\/\/coral.org\/es\/blog\/quieres-salvar-los-arrecifes-de-coral-4-estrategias-probadas-que-realmente-funcionan\/\" class=\"entry-title-link\">\u00bfQuieres salvar los arrecifes de coral? 4 estrategias probadas que realmente funcionan<\/a><\/h2>\t\t<p>Los efectos domin\u00f3 de los arrecifes de coral llegan a casi todas las costas y comunidades del planeta. Los arrecifes sustentan los mariscos que comemos, protegen los hogares de las tormentas y proporcionan ingredientes para medicamentos que salvan vidas. Pero est\u00e1n en crisis. La mitad ya se ha perdido y casi todos podr\u00edan desaparecer para&hellip; <a href=\"https:\/\/coral.org\/es\/blog\/quieres-salvar-los-arrecifes-de-coral-4-estrategias-probadas-que-realmente-funcionan\/\" class=\"more-link\">Sigue Leyendo &#8594;<\/a><\/p>\n\t<\/div>\n<\/article>\n<\/div>\n<\/div><div class=\"wp-block-post post-8823 post type-post status-publish format-standard has-post-thumbnail category-noticias category-socios tag-coral-conservation tag-data-driven-conservation tag-global-expansion tag-marine-protected-areas tag-science entry\">\n<div class=\"wp-block-wpbtp-template-part is-layout-grid wp-container-core-post-template-is-layout-2fc57c17 wp-block-post-template-is-layout-grid\">\n<article class=\"article article-post post-8823 post type-post status-publish format-standard has-post-thumbnail category-noticias category-socios tag-coral-conservation tag-data-driven-conservation tag-global-expansion tag-marine-protected-areas tag-science entry\">\n\t<div class=\"entry-image\">\n\t\t<a href=\"https:\/\/coral.org\/es\/blog\/como-las-evaluaciones-instantaneas-dan-forma-al-proximo-capitulo-de-coral\/\">\n\t\t\t<img loading=\"lazy\" decoding=\"async\" width=\"740\" height=\"560\" src=\"https:\/\/static.coral.org\/uploads\/2025\/09\/lagoons7-740x560.jpg\" class=\"attachment-preview size-preview wp-post-image\" alt=\"Photo by Tobias Zimmer\" \/>\t\t<\/a>\n\t<\/div>\n\t<div class=\"entry-meta\">\n\t\t<ul class=\"post-categories\">\n\t<li><a href=\"https:\/\/coral.org\/es\/blog\/category\/noticias\/\" rel=\"category tag\">Noticias<\/a><\/li>\n\t<li><a href=\"https:\/\/coral.org\/es\/blog\/category\/socios\/\" rel=\"category tag\">Socios<\/a><\/li><\/ul>\t<\/div>\n\t<div class=\"entry-body\">\n\t\t<h2 class=\"entry-title\"><a href=\"https:\/\/coral.org\/es\/blog\/como-las-evaluaciones-instantaneas-dan-forma-al-proximo-capitulo-de-coral\/\" class=\"entry-title-link\">C\u00f3mo las evaluaciones instant\u00e1neas dan forma al pr\u00f3ximo cap\u00edtulo de CORAL<\/a><\/h2>\t\t<p>A estas alturas, ya sabr\u00e1s que CORAL est\u00e1 en plena expansi\u00f3n y estamos decididos a que esta sea significativa y duradera. Nuestro equipo est\u00e1 haciendo todo lo posible para determinar exactamente cu\u00e1l ser\u00e1 nuestro pr\u00f3ximo destino. Y esto va mucho m\u00e1s all\u00e1 de girar un globo terr\u00e1queo y elegir un lugar al azar. Me reun\u00ed&hellip; <a href=\"https:\/\/coral.org\/es\/blog\/como-las-evaluaciones-instantaneas-dan-forma-al-proximo-capitulo-de-coral\/\" class=\"more-link\">Sigue Leyendo &#8594;<\/a><\/p>\n\t<\/div>\n<\/article>\n<\/div>\n<\/div><div class=\"wp-block-post post-8820 post type-post status-publish format-standard has-post-thumbnail category-noticias category-staff-profiles-es tag-day-in-the-life tag-field-notes tag-on-the-ground tag-staff-spotlight tag-team-reflection tag-what-inspires-us entry\">\n<div class=\"wp-block-wpbtp-template-part is-layout-grid wp-container-core-post-template-is-layout-2fc57c17 wp-block-post-template-is-layout-grid\">\n<article class=\"article article-post post-8820 post type-post status-publish format-standard has-post-thumbnail category-noticias category-staff-profiles-es tag-day-in-the-life tag-field-notes tag-on-the-ground tag-staff-spotlight tag-team-reflection tag-what-inspires-us entry\">\n\t<div class=\"entry-image\">\n\t\t<a href=\"https:\/\/coral.org\/es\/blog\/un-dia-en-la-vida-del-monitoreo-de-arrecifes-de-coral\/\">\n\t\t\t<img loading=\"lazy\" decoding=\"async\" width=\"740\" height=\"560\" src=\"https:\/\/static.coral.org\/uploads\/2025\/09\/Andrea-Rivera-Sosa-Coral-Reef-Alliance--740x560.jpg\" class=\"attachment-preview size-preview wp-post-image\" alt=\"\" \/>\t\t<\/a>\n\t<\/div>\n\t<div class=\"entry-meta\">\n\t\t<ul class=\"post-categories\">\n\t<li><a href=\"https:\/\/coral.org\/es\/blog\/category\/noticias\/\" rel=\"category tag\">Noticias<\/a><\/li>\n\t<li><a href=\"https:\/\/coral.org\/es\/blog\/category\/staff-profiles-es\/\" rel=\"category tag\">Personal de CORAL<\/a><\/li><\/ul>\t<\/div>\n\t<div class=\"entry-body\">\n\t\t<h2 class=\"entry-title\"><a href=\"https:\/\/coral.org\/es\/blog\/un-dia-en-la-vida-del-monitoreo-de-arrecifes-de-coral\/\" class=\"entry-title-link\">Un d\u00eda en la vida del monitoreo de arrecifes de coral<\/a><\/h2>\t\t<p>Si crees que monitorear los arrecifes de coral consiste solo en nadar con peces y tomar bonitas fotos submarinas, bueno, solo tienes parte la raz\u00f3n. Detr\u00e1s de escena, es una aventura que comienza con hojas de c\u00e1lculo y termina con equipo cubierto de sal y un agotamiento feliz. Tuve la gran suerte de conocer a&hellip; <a href=\"https:\/\/coral.org\/es\/blog\/un-dia-en-la-vida-del-monitoreo-de-arrecifes-de-coral\/\" class=\"more-link\">Sigue Leyendo &#8594;<\/a><\/p>\n\t<\/div>\n<\/article>\n<\/div>\n<\/div><\/div><\/div>\n","protected":false},"excerpt":{"rendered":"<p>Millones de personas y especies de vida silvestre dependen de los arrecifes de coral. Aunque el cambio clim\u00e1tico amenaza su futuro, la ciencia demuestra que los corales pueden adaptarse y sobrevivir si los mantenemos saludables. 25% de la vida marina depende de losde los arrecifes de coral 500M de personas dependen de los arrecifes de&hellip; <a href=\"https:\/\/coral.org\/es\/\" class=\"more-link\">Sigue Leyendo &#8594;<\/a><\/p>\n","protected":false},"author":1,"featured_media":3929,"parent":0,"menu_order":0,"comment_status":"closed","ping_status":"closed","template":"templates\/blocks.php","meta":{"_acf_changed":true,"inline_featured_image":false,"_genesis_hide_title":true,"_genesis_hide_breadcrumbs":false,"_genesis_hide_singular_image":false,"_genesis_hide_footer_widgets":false,"_genesis_custom_body_class":"","_genesis_custom_post_class":"","_genesis_layout":"full-width-content","_genesis_transparent_header":false,"_genesis_hide_siblings_nav":false,"_genesis_hide_flyout":false,"_genesis_subtitle":"","_genesis_subheading":"","footnotes":""},"class_list":{"0":"post-4172","1":"page","2":"type-page","3":"status-publish","4":"has-post-thumbnail","6":"entry"},"acf":[],"template_part":"","featured_image_src":"https:\/\/static.coral.org\/uploads\/2021\/09\/coral-reef-alliance-placeholder-600x400.png","featured_image_src_square":"https:\/\/static.coral.org\/uploads\/2021\/09\/coral-reef-alliance-placeholder-600x600.png","_links":{"self":[{"href":"https:\/\/coral.org\/es\/wp-json\/wp\/v2\/pages\/4172","targetHints":{"allow":["GET"]}}],"collection":[{"href":"https:\/\/coral.org\/es\/wp-json\/wp\/v2\/pages"}],"about":[{"href":"https:\/\/coral.org\/es\/wp-json\/wp\/v2\/types\/page"}],"author":[{"embeddable":true,"href":"https:\/\/coral.org\/es\/wp-json\/wp\/v2\/users\/1"}],"replies":[{"embeddable":true,"href":"https:\/\/coral.org\/es\/wp-json\/wp\/v2\/comments?post=4172"}],"version-history":[{"count":0,"href":"https:\/\/coral.org\/es\/wp-json\/wp\/v2\/pages\/4172\/revisions"}],"wp:featuredmedia":[{"embeddable":true,"href":"https:\/\/coral.org\/es\/wp-json\/wp\/v2\/media\/3929"}],"wp:attachment":[{"href":"https:\/\/coral.org\/es\/wp-json\/wp\/v2\/media?parent=4172"}],"curies":[{"name":"wp","href":"https:\/\/api.w.org\/{rel}","templated":true}]}}