{"id":4200,"date":"2021-08-29T05:45:31","date_gmt":"2021-08-29T12:45:31","guid":{"rendered":"https:\/\/coral.org\/community-engagement\/"},"modified":"2021-10-15T07:23:35","modified_gmt":"2021-10-15T14:23:35","slug":"community-engagement","status":"publish","type":"page","link":"https:\/\/coral.org\/es\/como-trabajamos\/community-engagement\/","title":{"rendered":"Compromiso Comunitario"},"content":{"rendered":"\n<div class=\"wp-block-columns is-layout-flex wp-container-core-columns-is-layout-9d6595d7 wp-block-columns-is-layout-flex\">\n<div class=\"wp-block-column is-layout-flow wp-block-column-is-layout-flow\" style=\"flex-basis:8.33%\"><\/div>\n\n\n\n<div class=\"wp-block-column is-layout-flow wp-block-column-is-layout-flow\">\n<h2 class=\"has-text-align-center wp-block-heading\">Nos asociamos con las comunidades locales para educar, organizar, aumentar la resiliencia y alimentar programas de conservaci\u00f3n de alto impacto a largo plazo.<\/h2>\n<\/div>\n\n\n\n<div class=\"wp-block-column is-layout-flow wp-block-column-is-layout-flow\" style=\"flex-basis:8.33%\"><\/div>\n<\/div>\n\n\n\n<div style=\"height:100px\" aria-hidden=\"true\" class=\"wp-block-spacer\"><\/div>\n\n\n\n<div class=\"wp-block-columns is-layout-flex wp-container-core-columns-is-layout-9d6595d7 wp-block-columns-is-layout-flex\">\n<div class=\"wp-block-column is-vertically-aligned-center is-layout-flow wp-block-column-is-layout-flow\">\n<p class=\"has-medium-font-size\">Los seres humanos dependen de los arrecifes de coral. Creemos que una activaci\u00f3n comunitaria, apoyada por una ciencia s\u00f3lida y unas alianzas fuertes, es esencial para salvar y mantener los arrecifes.<\/p>\n<\/div>\n\n\n\n<div class=\"wp-block-column is-vertically-aligned-center is-layout-flow wp-block-column-is-layout-flow\">\n<blockquote class=\"wp-block-quote is-style-default is-layout-flow wp-block-quote-is-layout-flow\"><p><em>Si realmente queremos marcar la diferencia con la ciencia, tenemos que involucrar a las personas m\u00e1s afectadas.<\/em><\/p><cite><em>Dr. Antonella Rivera, Investigadora Principal de CORAL en Honduras<\/em><\/cite><\/blockquote>\n<\/div>\n<\/div>\n\n\n\n<div style=\"height:100px\" aria-hidden=\"true\" class=\"wp-block-spacer is-style-default\"><\/div>\n\n\n\n<div class=\"wp-block-columns is-layout-flex wp-container-core-columns-is-layout-9d6595d7 wp-block-columns-is-layout-flex\">\n<div class=\"wp-block-column is-layout-flow wp-block-column-is-layout-flow\" style=\"flex-basis:66.66%\">\n<figure class=\"wp-block-embed is-type-video is-provider-youtube wp-block-embed-youtube wp-embed-aspect-16-9 wp-has-aspect-ratio\"><div class=\"wp-block-embed__wrapper\">\n<iframe loading=\"lazy\" title=\"Reconnecting with the &#039;Aina to Save Coral Reefs in Hawai\u2018i\" width=\"500\" height=\"281\" src=\"https:\/\/www.youtube.com\/embed\/6hkuXDur9nw?feature=oembed\" frameborder=\"0\" allow=\"accelerometer; autoplay; clipboard-write; encrypted-media; gyroscope; picture-in-picture; web-share\" referrerpolicy=\"strict-origin-when-cross-origin\" allowfullscreen><\/iframe>\n<\/div><\/figure>\n<\/div>\n\n\n\n<div class=\"wp-block-column is-vertically-aligned-center is-layout-flow wp-block-column-is-layout-flow\" style=\"flex-basis:33.33%\">\n<h3 class=\"wp-block-heading\">Reconectando con los &#8216;Aina para Salvar los Arrecifes de Coral en Haw\u00e1i<\/h3>\n\n\n\n<p class=\"has-normal-font-size\">Noor, Bi\u00f3logo de Restauraci\u00f3n, y Poema, Especialista en Cultura y Plantas de Haw\u00e1i, est\u00e1n comprometidos con la protecci\u00f3n de la tierra en Hawai. Hablan de la importancia de la gesti\u00f3n cultural de la tierra y de c\u00f3mo los habitantes de la isla pueden unirse para marcar la diferencia.<\/p>\n<\/div>\n<\/div>\n\n\n\n<div style=\"height:100px\" aria-hidden=\"true\" class=\"wp-block-spacer is-style-medium\"><\/div>\n\n\n\n<div class=\"wp-block-columns is-layout-flex wp-container-core-columns-is-layout-9d6595d7 wp-block-columns-is-layout-flex\">\n<div class=\"wp-block-column is-layout-flow wp-block-column-is-layout-flow\" style=\"flex-basis:41.66%\">\n<figure class=\"wp-block-image size-full is-resized\"><img loading=\"lazy\" decoding=\"async\" src=\"https:\/\/coral.org\/wp-content\/uploads\/2021\/09\/coral-reefs-community-engagement-1.jpg\" alt=\"\" class=\"wp-image-3291\" width=\"440\" height=\"358\" srcset=\"https:\/\/static.coral.org\/uploads\/2021\/09\/coral-reefs-community-engagement-1.jpg 880w, https:\/\/static.coral.org\/uploads\/2021\/09\/coral-reefs-community-engagement-1-796x648.jpg 796w, https:\/\/static.coral.org\/uploads\/2021\/09\/coral-reefs-community-engagement-1-768x625.jpg 768w\" sizes=\"auto, (max-width: 440px) 100vw, 440px\" \/><\/figure>\n\n\n\n<figure class=\"wp-block-image size-full is-resized\"><img loading=\"lazy\" decoding=\"async\" src=\"https:\/\/coral.org\/wp-content\/uploads\/2021\/09\/coral-reefs-community-engagement-2.jpg\" alt=\"\" class=\"wp-image-3293\" width=\"440\" height=\"358\" srcset=\"https:\/\/static.coral.org\/uploads\/2021\/09\/coral-reefs-community-engagement-2.jpg 880w, https:\/\/static.coral.org\/uploads\/2021\/09\/coral-reefs-community-engagement-2-796x648.jpg 796w, https:\/\/static.coral.org\/uploads\/2021\/09\/coral-reefs-community-engagement-2-768x625.jpg 768w\" sizes=\"auto, (max-width: 440px) 100vw, 440px\" \/><\/figure>\n\n\n\n<figure class=\"wp-block-image size-full is-resized\"><img loading=\"lazy\" decoding=\"async\" src=\"https:\/\/coral.org\/wp-content\/uploads\/2021\/09\/coral-reefs-community-engagement-3.jpg\" alt=\"\" class=\"wp-image-3295\" width=\"440\" height=\"358\" srcset=\"https:\/\/static.coral.org\/uploads\/2021\/09\/coral-reefs-community-engagement-3.jpg 880w, https:\/\/static.coral.org\/uploads\/2021\/09\/coral-reefs-community-engagement-3-796x648.jpg 796w, https:\/\/static.coral.org\/uploads\/2021\/09\/coral-reefs-community-engagement-3-768x625.jpg 768w\" sizes=\"auto, (max-width: 440px) 100vw, 440px\" \/><\/figure>\n\n\n\n<figure class=\"wp-block-image size-full is-resized\"><img loading=\"lazy\" decoding=\"async\" src=\"https:\/\/coral.org\/wp-content\/uploads\/2021\/09\/coral-reefs-community-engagement-4.jpg\" alt=\"\" class=\"wp-image-3298\" width=\"440\" height=\"358\" srcset=\"https:\/\/static.coral.org\/uploads\/2021\/09\/coral-reefs-community-engagement-4.jpg 880w, https:\/\/static.coral.org\/uploads\/2021\/09\/coral-reefs-community-engagement-4-796x648.jpg 796w, https:\/\/static.coral.org\/uploads\/2021\/09\/coral-reefs-community-engagement-4-768x625.jpg 768w\" sizes=\"auto, (max-width: 440px) 100vw, 440px\" \/><\/figure>\n<\/div>\n\n\n\n<div class=\"wp-block-column is-layout-flow wp-block-column-is-layout-flow\">\n<h3 class=\"wp-block-heading\">Nuestra vitalidad y diversidad reflejan la de los propios arrecifes.<\/h3>\n\n\n\n<p class=\"has-medium-font-size\">Las personas y las comunidades est\u00e1n siempre en primera l\u00ednea de nuestro trabajo para salvar los arrecifes de coral. <a href=\"https:\/\/link.springer.com\/epdf\/10.1007\/s11625-021-00922-1?sharing_token=yDtg3HFz_wvVmnFinT6XBve4RwlQNchNByi7wbcMAY5c0IWQKR4Y3nPGpaZj4OWsxbWgS9zrpHEzN_U9cItEgOXSj8oeHcV81DexyIOdDuw9jodFLDFO45JrA6jvukIfJPFUryqZ1FwCuhW1MOtDVFl-nL1ihXsYk5L-En9-XQM%3D\">Nuestras investigaciones<\/a> demuestran que las relaciones interpersonales s\u00f3lidas y los grupos de trabajo diversos y colaborativos son la clave del \u00e9xito de la gesti\u00f3n de la salud de los arrecifes de coral.<\/p>\n\n\n\n<hr class=\"wp-block-separator\"\/>\n\n\n\n<p class=\"has-medium-font-size\">Nuestro objetivo de equidad social fomenta un entorno en el que los cient\u00edficos pueden trabajar junto a los residentes en cuestiones que afectan a los marginados e infrarrepresentados y, en muchos casos, a los m\u00e1s afectados.&nbsp;Por ejemplo:<\/p>\n\n\n\n<h4 class=\"wp-block-heading\">Cient\u00edficos Ciudadanos<\/h4>\n\n\n\n<p class=\"has-normal-font-size\">La equidad social en torno a la vigilancia y la ciencia es poderosa. Ampliar y democratizar la recopilaci\u00f3n de datos permite a las comunidades plantear las preguntas correctas sobre la gesti\u00f3n de los recursos y recopilar datos para influir en las decisiones y pol\u00edticas que afectan a su bienestar.&nbsp;<\/p>\n\n\n\n<h4 class=\"wp-block-heading\">Comunidades Poco Representadas<\/h4>\n\n\n\n<p class=\"has-normal-font-size\">En la regi\u00f3n mesoamericana, contratamos y mejoramos las habilidades de las mujeres locales, a menudo procedentes de comunidades minoritarias y econ\u00f3micamente vulnerables. Las empleamos y capacitamos como cient\u00edficas comunitarias, coordinadoras de programas y gestoras de proyectos, d\u00e1ndoles una poderosa voz en el proceso de toma de decisiones y promoviendo la igualdad de g\u00e9nero y el crecimiento econ\u00f3mico.<\/p>\n\n\n\n<p class=\"has-normal-font-size\">M\u00e1s de 500 millones de personas dependen de los arrecifes de coral para alimentarse y obtener ingresos. Cuando los arrecifes de coral mueren o son sobreexplotados, estas familias a menudo se enfrentan a la pobreza y luchan por la seguridad alimentaria. Desarrollamos proyectos de diversificaci\u00f3n de ingresos que sit\u00faan a las personas con los recursos que necesitan para alimentar a sus familias sin devastar las poblaciones locales de peces.<\/p>\n\n\n\n<p class=\"has-normal-font-size\">El acceso al agua limpia y al saneamiento b\u00e1sico son derechos humanos y esenciales para la igualdad de g\u00e9nero. Aunque las mujeres suelen ser proveedoras de las familias, tambi\u00e9n est\u00e1n poco representadas en la toma de decisiones. Nuestro enfoque del tratamiento de aguas residuales involucra a las mujeres locales en la planificaci\u00f3n del proyecto y las anima a trabajar en carreras de gesti\u00f3n de aguas residuales.<\/p>\n\n\n\n<h4 class=\"wp-block-heading\">Proveedores de Turismo<\/h4>\n\n\n\n<p class=\"has-normal-font-size\">Nuestra labor de defensa de las pr\u00e1cticas de turismo sostenible conduce a una distribuci\u00f3n m\u00e1s equitativa de los beneficios econ\u00f3micos y apoya a las empresas y los gobiernos en su labor de contribuir a la equidad y el bienestar de comunidades resilientes.<\/p>\n<\/div>\n<\/div>\n\n\n\n<div style=\"height:100px\" aria-hidden=\"true\" class=\"wp-block-spacer is-style-large\"><\/div>\n\n\n\n<div class=\"wp-block-group alignfull has-white-color has-text-color has-background is-layout-flow wp-block-group-is-layout-flow\" style=\"background:linear-gradient(180deg,#FC7A64 0%,#FFB43C 100%)\">\n<div style=\"height:100px\" aria-hidden=\"true\" class=\"wp-block-spacer is-style-medium\"><\/div>\n\n\n\n<div class=\"wp-block-columns is-layout-flex wp-container-core-columns-is-layout-9d6595d7 wp-block-columns-is-layout-flex\">\n<div class=\"wp-block-column is-vertically-aligned-center is-layout-flow wp-block-column-is-layout-flow\">\n<div class=\"wp-block-image is-style-rounded\"><figure class=\"aligncenter size-thumbnail\"><img loading=\"lazy\" decoding=\"async\" width=\"500\" height=\"500\" src=\"https:\/\/coral.org\/wp-content\/uploads\/2021\/09\/0260_Coral-Reef-Allianze-copy-500x500.jpg\" alt=\"Roatan Marine Park Rangers\" class=\"wp-image-3975\" srcset=\"https:\/\/static.coral.org\/uploads\/2021\/09\/0260_Coral-Reef-Allianze-copy-500x500.jpg 500w, https:\/\/static.coral.org\/uploads\/2021\/09\/0260_Coral-Reef-Allianze-copy-600x600.jpg 600w\" sizes=\"auto, (max-width: 500px) 100vw, 500px\" \/><figcaption>Foto: Antonio Busiello<\/figcaption><\/figure><\/div>\n\n\n\n<p><\/p>\n<\/div>\n\n\n\n<div class=\"wp-block-column is-vertically-aligned-center is-layout-flow wp-block-column-is-layout-flow\">\n<h3 class=\"has-text-align-left has-white-color has-text-color wp-block-heading\">Construir confianza, construir relaciones<\/h3>\n\n\n\n<p class=\"has-text-align-left has-medium-font-size\">En CORAL creemos que hay que trabajar desde las bases. Empezamos por ayudar a la poblaci\u00f3n local y a los l\u00edderes de la comunidad a identificar sus necesidades. Luego les proporcionamos las herramientas y los recursos que necesitan para proteger su propio entorno natural. Como organizaci\u00f3n no gubernamental, podemos desempe\u00f1ar el papel de facilitadores neutrales, creando un espacio para debates productivos para los miembros de la comunidad, sus l\u00edderes y los representantes del gobierno.<\/p>\n\n\n\n<div class=\"wp-block-buttons is-content-justification-left is-layout-flex wp-block-buttons-is-layout-flex\">\n<div class=\"wp-block-button is-style-outline is-style-outline--1\"><a class=\"wp-block-button__link has-white-color has-salmon-background-color has-text-color has-background\" href=\"https:\/\/coral.org\/es\/que-hacemos\/local-engagement\/\">Conoce m\u00e1s sobre nuestro trabajo de compromiso local<\/a><\/div>\n<\/div>\n<\/div>\n<\/div>\n\n\n\n<div style=\"height:100px\" aria-hidden=\"true\" class=\"wp-block-spacer is-style-medium\"><\/div>\n\n\n\n<div style=\"height:100px\" aria-hidden=\"true\" class=\"wp-block-spacer is-style-huge\"><\/div>\n<\/div>\n","protected":false},"excerpt":{"rendered":"<p>Nos asociamos con las comunidades locales para educar, organizar, aumentar la resiliencia y alimentar programas de conservaci\u00f3n de alto impacto a largo plazo. Los seres humanos dependen de los arrecifes de coral. Creemos que una activaci\u00f3n comunitaria, apoyada por una ciencia s\u00f3lida y unas alianzas fuertes, es esencial para salvar y mantener los arrecifes. Si&hellip; <a href=\"https:\/\/coral.org\/es\/como-trabajamos\/community-engagement\/\" class=\"more-link\">Sigue Leyendo &#8594;<\/a><\/p>\n","protected":false},"author":1,"featured_media":3290,"parent":4415,"menu_order":3,"comment_status":"closed","ping_status":"closed","template":"","meta":{"_acf_changed":false,"inline_featured_image":false,"_genesis_hide_title":false,"_genesis_hide_breadcrumbs":false,"_genesis_hide_singular_image":false,"_genesis_hide_footer_widgets":false,"_genesis_custom_body_class":"no-footer-gap","_genesis_custom_post_class":"","_genesis_layout":"","_genesis_transparent_header":false,"_genesis_hide_siblings_nav":false,"_genesis_hide_flyout":false,"_genesis_subtitle":"","_genesis_subheading":"","footnotes":""},"class_list":{"0":"post-4200","1":"page","2":"type-page","3":"status-publish","4":"has-post-thumbnail","6":"entry"},"acf":[],"template_part":"","featured_image_src":"https:\/\/static.coral.org\/uploads\/2021\/09\/coral-community-engagement-hero-600x400.jpg","featured_image_src_square":"https:\/\/static.coral.org\/uploads\/2021\/09\/coral-community-engagement-hero-600x600.jpg","_links":{"self":[{"href":"https:\/\/coral.org\/es\/wp-json\/wp\/v2\/pages\/4200","targetHints":{"allow":["GET"]}}],"collection":[{"href":"https:\/\/coral.org\/es\/wp-json\/wp\/v2\/pages"}],"about":[{"href":"https:\/\/coral.org\/es\/wp-json\/wp\/v2\/types\/page"}],"author":[{"embeddable":true,"href":"https:\/\/coral.org\/es\/wp-json\/wp\/v2\/users\/1"}],"replies":[{"embeddable":true,"href":"https:\/\/coral.org\/es\/wp-json\/wp\/v2\/comments?post=4200"}],"version-history":[{"count":0,"href":"https:\/\/coral.org\/es\/wp-json\/wp\/v2\/pages\/4200\/revisions"}],"up":[{"embeddable":true,"href":"https:\/\/coral.org\/es\/wp-json\/wp\/v2\/pages\/4415"}],"wp:featuredmedia":[{"embeddable":true,"href":"https:\/\/coral.org\/es\/wp-json\/wp\/v2\/media\/3290"}],"wp:attachment":[{"href":"https:\/\/coral.org\/es\/wp-json\/wp\/v2\/media?parent=4200"}],"curies":[{"name":"wp","href":"https:\/\/api.w.org\/{rel}","templated":true}]}}