{"id":4202,"date":"2021-08-29T05:45:18","date_gmt":"2021-08-29T12:45:18","guid":{"rendered":"https:\/\/coral.org\/scientific-leadership\/"},"modified":"2021-10-15T07:22:37","modified_gmt":"2021-10-15T14:22:37","slug":"scientific-leadership","status":"publish","type":"page","link":"https:\/\/coral.org\/es\/como-trabajamos\/scientific-leadership\/","title":{"rendered":"Liderazgo Cient\u00edfico"},"content":{"rendered":"\n<div class=\"wp-block-columns is-layout-flex wp-container-core-columns-is-layout-9d6595d7 wp-block-columns-is-layout-flex\">\n<div class=\"wp-block-column is-layout-flow wp-block-column-is-layout-flow\" style=\"flex-basis:8.33%\"><\/div>\n\n\n\n<div class=\"wp-block-column is-layout-flow wp-block-column-is-layout-flow\">\n<h2 class=\"has-text-align-center wp-block-heading\">Somos l\u00edderes en la ciencia de la conservaci\u00f3n de los arrecifes de coral.<\/h2>\n\n\n\n<p class=\"has-text-align-center has-medium-font-size\">Nuestra investigaci\u00f3n proactiva ha demostrado c\u00f3mo los arrecifes de coral pueden adaptarse con \u00e9xito a los efectos del cambio clim\u00e1tico, si los humanos crean las condiciones que ayudan a los arrecifes a evolucionar de forma natural.<\/p>\n\n\n\n<p class=\"has-text-align-center has-medium-font-size\">Creemos que la ciencia s\u00f3lida, <a href=\"https:\/\/coral.org\/es\/como-trabajamos\/key-alliances\/\">las alianzas clave<\/a> y <a href=\"https:\/\/coral.org\/es\/como-trabajamos\/community-engagement\/\">el compromiso comunitario<\/a> son esenciales para salvar y mantener los arrecifes.<\/p>\n<\/div>\n\n\n\n<div class=\"wp-block-column is-layout-flow wp-block-column-is-layout-flow\" style=\"flex-basis:8.33%\"><\/div>\n<\/div>\n\n\n\n<div style=\"height:100px\" aria-hidden=\"true\" class=\"wp-block-spacer is-style-small\"><\/div>\n\n\n\n<hr class=\"wp-block-separator\"\/>\n\n\n\n<div style=\"height:100px\" aria-hidden=\"true\" class=\"wp-block-spacer is-style-small\"><\/div>\n\n\n\n<h3 class=\"has-text-align-center wp-block-heading\">Nuestro trabajo cient\u00edfico actual incluye:<\/h3>\n\n\n\n<div style=\"height:100px\" aria-hidden=\"true\" class=\"wp-block-spacer is-style-small\"><\/div>\n\n\n\n<div class=\"wp-block-columns is-layout-flex wp-container-core-columns-is-layout-9d6595d7 wp-block-columns-is-layout-flex\">\n<div class=\"wp-block-column is-vertically-aligned-top is-layout-flow wp-block-column-is-layout-flow\">\n<h4 class=\"wp-block-heading\">Liderar nuevas investigaciones sobre la adaptaci\u00f3n de los corales<\/h4>\n\n\n\n<p class=\"has-normal-font-size\">Ponemos en marcha, apoyamos e interpretamos la investigaci\u00f3n cient\u00edfica para comprender mejor c\u00f3mo se adaptan los arrecifes de coral al cambio clim\u00e1tico y las condiciones que ayudan a fomentar ese proceso evolutivo.<\/p>\n\n\n\n<div style=\"height:100px\" aria-hidden=\"true\" class=\"wp-block-spacer is-style-small\"><\/div>\n\n\n\n<h4 class=\"wp-block-heading\">Verificar los conjuntos de datos<\/h4>\n\n\n\n<p class=\"has-normal-font-size\">Estamos impulsando un equipo mundial de cient\u00edficos y conservacionistas para una \u00abverificaci\u00f3n en campo\u00bb de los datos de los arrecifes de coral detectados por los sat\u00e9lites a trav\u00e9s de la asociaci\u00f3n Allen Coral Atlas.<\/p>\n\n\n\n<div style=\"height:100px\" aria-hidden=\"true\" class=\"wp-block-spacer is-style-small\"><\/div>\n\n\n\n<h4 class=\"wp-block-heading\">Compromiso con los socios<\/h4>\n\n\n\n<p class=\"has-normal-font-size\">Trabajamos con una red de expertos y l\u00edderes de opini\u00f3n en la conservaci\u00f3n de los arrecifes de coral para integrar los resultados de nuestra investigaci\u00f3n cient\u00edfica en las intervenciones y pol\u00edticas de conservaci\u00f3n.<\/p>\n\n\n\n<div style=\"height:100px\" aria-hidden=\"true\" class=\"wp-block-spacer is-style-small\"><\/div>\n\n\n\n<h4 class=\"wp-block-heading\">Trabajo de campo regional<\/h4>\n\n\n\n<p class=\"has-normal-font-size\">Estamos incorporando la ciencia de la adaptaci\u00f3n a los esfuerzos regionales de conservaci\u00f3n en las islas hawaianas y la regi\u00f3n mesoamericana, y creando conjuntos de datos locales sobre la salud de los arrecifes de coral y la calidad del agua para informar sobre los esfuerzos de conservaci\u00f3n \u00absobre el terreno\u00bb.<\/p>\n<\/div>\n\n\n\n<div class=\"wp-block-column is-layout-flow wp-block-column-is-layout-flow\" style=\"flex-basis:41.66%\">\n<div class=\"wp-block-image\"><figure class=\"alignright size-full is-resized\"><img loading=\"lazy\" decoding=\"async\" src=\"https:\/\/coral.org\/wp-content\/uploads\/2021\/09\/photo-1@2x.jpg\" alt=\"\" class=\"wp-image-3277\" width=\"440\" height=\"358\" srcset=\"https:\/\/static.coral.org\/uploads\/2021\/09\/photo-1@2x.jpg 880w, https:\/\/static.coral.org\/uploads\/2021\/09\/photo-1@2x-796x648.jpg 796w, https:\/\/static.coral.org\/uploads\/2021\/09\/photo-1@2x-768x625.jpg 768w\" sizes=\"auto, (max-width: 440px) 100vw, 440px\" \/><figcaption>Foto por Allen Coral Atlas<\/figcaption><\/figure><\/div>\n\n\n\n<div class=\"wp-block-image\"><figure class=\"alignright size-full is-resized\"><img loading=\"lazy\" decoding=\"async\" src=\"https:\/\/coral.org\/wp-content\/uploads\/2021\/09\/photo-2@2x.jpg\" alt=\"\" class=\"wp-image-3280\" width=\"440\" height=\"358\" srcset=\"https:\/\/static.coral.org\/uploads\/2021\/09\/photo-2@2x.jpg 880w, https:\/\/static.coral.org\/uploads\/2021\/09\/photo-2@2x-796x648.jpg 796w, https:\/\/static.coral.org\/uploads\/2021\/09\/photo-2@2x-768x625.jpg 768w\" sizes=\"auto, (max-width: 440px) 100vw, 440px\" \/><figcaption>Foto por Antonio Busiello<\/figcaption><\/figure><\/div>\n<\/div>\n<\/div>\n\n\n\n<div style=\"height:100px\" aria-hidden=\"true\" class=\"wp-block-spacer is-style-large\"><\/div>\n\n\n\n<div class=\"wp-block-columns is-layout-flex wp-container-core-columns-is-layout-9d6595d7 wp-block-columns-is-layout-flex\">\n<div class=\"wp-block-column is-layout-flow wp-block-column-is-layout-flow\" style=\"flex-basis:50%\">\n<figure class=\"wp-block-image size-large is-resized is-style-rounded\"><a href=\"https:\/\/coral.org\/en\/what-we-do\/global-conservation\/coral-bleaching\/\"><img loading=\"lazy\" decoding=\"async\" src=\"https:\/\/coral.org\/wp-content\/uploads\/2021\/09\/coral-bleach-project-1024x1024.jpg\" alt=\"\" class=\"wp-image-3282\" width=\"550\" height=\"550\" srcset=\"https:\/\/static.coral.org\/uploads\/2021\/09\/coral-bleach-project-1024x1024.jpg 1024w, https:\/\/static.coral.org\/uploads\/2021\/09\/coral-bleach-project-796x796.jpg 796w, https:\/\/static.coral.org\/uploads\/2021\/09\/coral-bleach-project-500x500.jpg 500w, https:\/\/static.coral.org\/uploads\/2021\/09\/coral-bleach-project-768x768.jpg 768w, https:\/\/static.coral.org\/uploads\/2021\/09\/coral-bleach-project-600x600.jpg 600w, https:\/\/static.coral.org\/uploads\/2021\/09\/coral-bleach-project.jpg 1100w\" sizes=\"auto, (max-width: 550px) 100vw, 550px\" \/><\/a><\/figure>\n<\/div>\n\n\n\n<div class=\"wp-block-column is-vertically-aligned-center is-layout-flow wp-block-column-is-layout-flow\" style=\"flex-basis:41.666%\">\n<h5 class=\"has-dark-gray-color has-text-color wp-block-heading\">Programa Cient\u00edfico Destacado<\/h5>\n\n\n\n<div style=\"height:100px\" aria-hidden=\"true\" class=\"wp-block-spacer is-style-small\"><\/div>\n\n\n\n<h2 class=\"has-blue-color has-text-color wp-block-heading\"><a href=\"https:\/\/coral.org\/es\/que-hacemos\/global-conservation\/coral-bleaching\/\">Programa de Blanqueamiento del Coral<\/a><\/h2>\n\n\n\n<p class=\"has-normal-font-size\">Estamos trabajando con el Atlas Allen Coral para unir una red mundial de cient\u00edficos que puedan entrar en el agua y confirmar los datos de blanqueamiento del coral que los sat\u00e9lites detectan desde el espacio.<\/p>\n\n\n\n<div style=\"height:100px\" aria-hidden=\"true\" class=\"wp-block-spacer is-style-small\"><\/div>\n\n\n\n<div class=\"wp-block-buttons is-layout-flex wp-block-buttons-is-layout-flex\">\n<div class=\"wp-block-button is-style-outline is-style-outline--1\"><a class=\"wp-block-button__link has-blue-color has-blue-background-color has-text-color has-background\" href=\"https:\/\/coral.org\/es\/que-hacemos\/global-conservation\/coral-bleaching\/\">Leer M\u00e1s<\/a><\/div>\n<\/div>\n\n\n\n<p><\/p>\n<\/div>\n<\/div>\n\n\n\n<div style=\"height:100px\" aria-hidden=\"true\" class=\"wp-block-spacer is-style-large\"><\/div>\n\n\n\n<h3 class=\"has-text-align-center wp-block-heading\">Lee nuestros \u00faltimos art\u00edculos cient\u00edficos.<\/h3>\n\n\n\n<div style=\"height:100px\" aria-hidden=\"true\" class=\"wp-block-spacer\"><\/div>\n\n\n\n<div class=\"wp-block-query is-layout-flow wp-block-query-is-layout-flow\" data-paged=\"1\" data-attrs=\"{&quot;blockName&quot;:&quot;core\\\/query&quot;,&quot;attrs&quot;:{&quot;queryId&quot;:17,&quot;query&quot;:{&quot;perPage&quot;:&quot;5&quot;,&quot;pages&quot;:0,&quot;offset&quot;:0,&quot;postType&quot;:&quot;resource&quot;,&quot;categoryIds&quot;:[],&quot;tagIds&quot;:[309],&quot;order&quot;:&quot;desc&quot;,&quot;orderBy&quot;:&quot;date&quot;,&quot;author&quot;:&quot;&quot;,&quot;search&quot;:&quot;&quot;,&quot;exclude&quot;:[],&quot;sticky&quot;:&quot;&quot;,&quot;inherit&quot;:false}},&quot;innerBlocks&quot;:[{&quot;blockName&quot;:&quot;core\\\/post-template&quot;,&quot;attrs&quot;:[],&quot;innerBlocks&quot;:[{&quot;blockName&quot;:&quot;wpbtp\\\/template-part&quot;,&quot;attrs&quot;:{&quot;templatePart&quot;:&quot;template-parts\\\/content-scientific-article&quot;},&quot;innerBlocks&quot;:[],&quot;innerHTML&quot;:&quot;&quot;,&quot;innerContent&quot;:[]}],&quot;innerHTML&quot;:&quot;\\n\\n&quot;,&quot;innerContent&quot;:[&quot;\\n&quot;,null,&quot;\\n&quot;]}],&quot;innerHTML&quot;:&quot;\\n&lt;div class=\\&quot;wp-block-query\\&quot;&gt;&lt;\\\/div&gt;\\n&quot;,&quot;innerContent&quot;:[&quot;\\n&lt;div class=\\&quot;wp-block-query\\&quot;&gt;&quot;,null,&quot;&lt;\\\/div&gt;\\n&quot;]}\"><div class=\"wp-block-post-template is-layout-flow wp-block-post-template-is-layout-flow\"><div class=\"wp-block-post post-7784 resource type-resource status-publish has-post-thumbnail category-scientific-article tag-science entry\">\n<div class=\"wp-block-wpbtp-template-part is-layout-flow wp-block-post-template-is-layout-flow\">\n<article class=\"article article-scientific-article post-7784 resource type-resource status-publish has-post-thumbnail category-scientific-article tag-science entry\">\n\t<a class=\"entry-icon entry-mime-type\" href=\"https:\/\/www.frontiersin.org\/journals\/marine-science\/articles\/10.3389\/fmars.2023.1197318\/full\">\n\t\t<i class=\"far fa-file\"><\/i>\n\t<\/a>\n\t<div class=\"entry-body\">\n\t\t<h4 class=\"entry-title\"><a href=\"https:\/\/www.frontiersin.org\/journals\/marine-science\/articles\/10.3389\/fmars.2023.1197318\/full\" class=\"entry-title-link\">Evaluating the spread of stony coral tissue loss disease in the Bay Islands, Honduras<\/a><\/h4>\t\t<div class=\"entry-meta\">\n\t\t\t\n\t\t\t<span><strong>Truc et al., 2023<\/strong><\/span>\n\n\t\t\t\t\t<\/div>\n\t\t<p>Current ecological theory predicts that random networks with dispersal shortcuts connecting distant sites can promote persistence when there is no capacity for evolution. This paper demonstrates that incorporating evolution and environmental heterogeneity fundamentally alters theoretical predictions regarding persistence in ecological networks.<\/p>\n\t<\/div>\n<\/article>\n<\/div>\n<\/div><div class=\"wp-block-post post-6176 resource type-resource status-publish has-post-thumbnail category-scientific-article tag-map tag-science entry\">\n<div class=\"wp-block-wpbtp-template-part is-layout-flow wp-block-post-template-is-layout-flow\">\n<article class=\"article article-scientific-article post-6176 resource type-resource status-publish has-post-thumbnail category-scientific-article tag-map tag-science entry\">\n\t<a class=\"entry-icon entry-mime-type\" href=\"https:\/\/www.nature.com\/articles\/s41559-022-01854-4\">\n\t\t<i class=\"far fa-file\"><\/i>\n\t<\/a>\n\t<div class=\"entry-body\">\n\t\t<h4 class=\"entry-title\"><a href=\"https:\/\/www.nature.com\/articles\/s41559-022-01854-4\" class=\"entry-title-link\">Coral conservation in a warming world must harness evolutionary adaptation<\/a><\/h4>\t\t<div class=\"entry-meta\">\n\t\t\t\n\t\t\t<span><strong>Colton et al. 2022<\/strong><\/span>\n\n\t\t\t\t\t<\/div>\n\t\t<p>To facilitate evolutionary adaptation to climate change, we must protect networks of coral reefs that span a range of environmental conditions \u2014 not just apparent \u2018refugia\u2019.&hellip; <a href=\"https:\/\/coral.org\/es\/resource\/coral-conservation-in-a-warming-world-must-harness-evolutionary-adaptation\/\" class=\"more-link\">Sigue Leyendo &#8594;<\/a><\/p>\n\t<\/div>\n<\/article>\n<\/div>\n<\/div><div class=\"wp-block-post post-8296 resource type-resource status-publish has-post-thumbnail category-scientific-article tag-science entry\">\n<div class=\"wp-block-wpbtp-template-part is-layout-flow wp-block-post-template-is-layout-flow\">\n<article class=\"article article-scientific-article post-8296 resource type-resource status-publish has-post-thumbnail category-scientific-article tag-science entry\">\n\t<a class=\"entry-icon entry-mime-type\" href=\"https:\/\/coral.org\/es\/resource\/exploring-relationships-between-gender-and-collective-action-in-artisanal-fisher-associations-of-central-chile-2\/\">\n\t\t<i class=\"far fa-file\"><\/i>\n\t<\/a>\n\t<div class=\"entry-body\">\n\t\t<h4 class=\"entry-title\"><a href=\"https:\/\/coral.org\/es\/resource\/exploring-relationships-between-gender-and-collective-action-in-artisanal-fisher-associations-of-central-chile-2\/\" class=\"entry-title-link\">Exploring relationships between gender and collective action in artisanal fisher associations of Central Chile<\/a><\/h4>\t\t<div class=\"entry-meta\">\n\t\t\t\n\t\t\t<span><strong>Vargas et al., 2022<\/strong><\/span>\n\n\t\t\t\t\t<\/div>\n\t\t<p>Artisanal fisher associations in Chile with women members show higher efficiency and cooperation than male-only groups. Women join for belonging, men for income, highlighting the need for gender-inclusive fisheries policies. Read More >&hellip; <a href=\"https:\/\/coral.org\/es\/resource\/exploring-relationships-between-gender-and-collective-action-in-artisanal-fisher-associations-of-central-chile-2\/\" class=\"more-link\">Sigue Leyendo &#8594;<\/a><\/p>\n\t<\/div>\n<\/article>\n<\/div>\n<\/div><div class=\"wp-block-post post-5885 resource type-resource status-publish has-post-thumbnail category-scientific-article tag-icrs tag-science entry\">\n<div class=\"wp-block-wpbtp-template-part is-layout-flow wp-block-post-template-is-layout-flow\">\n<article class=\"article article-scientific-article post-5885 resource type-resource status-publish has-post-thumbnail category-scientific-article tag-icrs tag-science entry\">\n\t<a class=\"entry-icon entry-mime-type\" href=\"https:\/\/static.coral.org\/uploads\/2022\/06\/20200812-ICRS-Los-Micos-CORAL.docx.pdf\">\n\t\t<i class=\"far fa-file-pdf\"><\/i>\n\t<\/a>\n\t<div class=\"entry-body\">\n\t\t<h4 class=\"entry-title\"><a href=\"https:\/\/static.coral.org\/uploads\/2022\/06\/20200812-ICRS-Los-Micos-CORAL.docx.pdf\" class=\"entry-title-link\">[Abstract]Participation and patrols promote sustainable fisheries in the Mesoamerican Reef Region.<\/a><\/h4>\t\t<div class=\"entry-meta\">\n\t\t\t\n\t\t\t<span><strong>Rivera et al. 2022<\/strong><\/span>\n\n\t\t\t\t\t<\/div>\n\t\t<p>Here we present a case study of Los Micos Lagoon, a coastal lagoon responsible for seeding fish biomass in sites with some of the highest live coral cover in the Mesoamerican Region, the Tela Bay (Honduras) reefs.&hellip; <a href=\"https:\/\/coral.org\/es\/resource\/participation-and-patrols-promote-sustainable-fisheries-in-the-mesoamerican-reef-region\/\" class=\"more-link\">Sigue Leyendo &#8594;<\/a><\/p>\n\t<\/div>\n<\/article>\n<\/div>\n<\/div><div class=\"wp-block-post post-5883 resource type-resource status-publish has-post-thumbnail category-scientific-article tag-icrs tag-science entry\">\n<div class=\"wp-block-wpbtp-template-part is-layout-flow wp-block-post-template-is-layout-flow\">\n<article class=\"article article-scientific-article post-5883 resource type-resource status-publish has-post-thumbnail category-scientific-article tag-icrs tag-science entry\">\n\t<a class=\"entry-icon entry-mime-type\" href=\"https:\/\/static.coral.org\/uploads\/2022\/06\/ICRS-2022-Fox-et-al.docx.pdf\">\n\t\t<i class=\"far fa-file-pdf\"><\/i>\n\t<\/a>\n\t<div class=\"entry-body\">\n\t\t<h4 class=\"entry-title\"><a href=\"https:\/\/static.coral.org\/uploads\/2022\/06\/ICRS-2022-Fox-et-al.docx.pdf\" class=\"entry-title-link\">[Abstract] Can the Allen Coral Atlas indicate adaptive capacity of coral reefs?<\/a><\/h4>\t\t<div class=\"entry-meta\">\n\t\t\t\n\t\t\t<span><strong>Fox et al. 2022<\/strong><\/span>\n\n\t\t\t\t\t<\/div>\n\t\t<p>We explore the extent to which habitat complexity, as detected by the Atlas, can inform adaptive capacity.&nbsp; Beta-diversity is a common index used to assess environmental heterogeneity within natural systems, indicating the change in species\/habitat composition across a landscape.&hellip; <a href=\"https:\/\/coral.org\/es\/resource\/can-the-allen-coral-atlas-indicate-adaptive-capacity-of-coral-reefs\/\" class=\"more-link\">Sigue Leyendo &#8594;<\/a><\/p>\n\t<\/div>\n<\/article>\n<\/div>\n<\/div><\/div><\/div>\n\n\n\n<div class=\"wp-block-buttons is-content-justification-center is-layout-flex wp-block-buttons-is-layout-flex\">\n<div class=\"wp-block-button\"><a class=\"wp-block-button__link has-blue-background-color has-background\" href=\"https:\/\/coral.org\/es\/instrumentos\/articulos-cientificos\/\">M\u00e1s Art\u00edculos<\/a><\/div>\n<\/div>\n\n\n\n<div style=\"height:100px\" aria-hidden=\"true\" class=\"wp-block-spacer is-style-large\"><\/div>\n\n\n\n<h5 class=\"has-text-align-center is-style-separator wp-block-heading\">Videos Cient\u00edficos<\/h5>\n\n\n\n<div style=\"height:100px\" aria-hidden=\"true\" class=\"wp-block-spacer\"><\/div>\n\n\n\n<div class=\"wp-block-columns is-layout-flex wp-container-core-columns-is-layout-9d6595d7 wp-block-columns-is-layout-flex\">\n<div class=\"wp-block-column is-layout-flow wp-block-column-is-layout-flow\" style=\"flex-basis:8.33%\"><\/div>\n\n\n\n<div class=\"wp-block-column is-layout-flow wp-block-column-is-layout-flow\">\n<p class=\"has-text-align-center has-medium-font-size\">Cerramos la brecha entre la ciencia y las comunidades. Nuestro trabajo a nivel local involucra a las comunidades en la ciencia que normalmente ocurre a puerta cerrada: nuestros arrecifes de coral est\u00e1n mejor cuando todos tenemos m\u00e1s informaci\u00f3n.<\/p>\n<\/div>\n\n\n\n<div class=\"wp-block-column is-layout-flow wp-block-column-is-layout-flow\" style=\"flex-basis:8.33%\"><\/div>\n<\/div>\n\n\n\n<div style=\"height:100px\" aria-hidden=\"true\" class=\"wp-block-spacer is-style-medium\"><\/div>\n\n\n\n<div class=\"wp-block-query is-slider is-layout-flow wp-block-query-is-layout-flow\" data-paged=\"1\" data-attrs=\"{&quot;blockName&quot;:&quot;core\\\/query&quot;,&quot;attrs&quot;:{&quot;queryId&quot;:11,&quot;query&quot;:{&quot;perPage&quot;:&quot;3&quot;,&quot;pages&quot;:0,&quot;offset&quot;:0,&quot;postType&quot;:&quot;post&quot;,&quot;categoryIds&quot;:[],&quot;tagIds&quot;:[325],&quot;order&quot;:&quot;desc&quot;,&quot;orderBy&quot;:&quot;date&quot;,&quot;author&quot;:&quot;&quot;,&quot;search&quot;:&quot;&quot;,&quot;exclude&quot;:[],&quot;sticky&quot;:&quot;&quot;,&quot;inherit&quot;:false},&quot;displayLayout&quot;:{&quot;type&quot;:&quot;flex&quot;,&quot;columns&quot;:2},&quot;className&quot;:&quot;is-slider&quot;},&quot;innerBlocks&quot;:[{&quot;blockName&quot;:&quot;core\\\/post-template&quot;,&quot;attrs&quot;:[],&quot;innerBlocks&quot;:[{&quot;blockName&quot;:&quot;wpbtp\\\/template-part&quot;,&quot;attrs&quot;:{&quot;templatePart&quot;:&quot;template-parts\\\/content-post-video&quot;},&quot;innerBlocks&quot;:[],&quot;innerHTML&quot;:&quot;&quot;,&quot;innerContent&quot;:[]}],&quot;innerHTML&quot;:&quot;\\n\\n&quot;,&quot;innerContent&quot;:[&quot;\\n&quot;,null,&quot;\\n&quot;]}],&quot;innerHTML&quot;:&quot;\\n&lt;div class=\\&quot;wp-block-query is-slider\\&quot;&gt;&lt;\\\/div&gt;\\n&quot;,&quot;innerContent&quot;:[&quot;\\n&lt;div class=\\&quot;wp-block-query is-slider\\&quot;&gt;&quot;,null,&quot;&lt;\\\/div&gt;\\n&quot;]}\"><\/div>\n\n\n\n<h5 class=\"has-text-align-center is-style-separator wp-block-heading\">Historias de la Ciencia<\/h5>\n\n\n\n<div style=\"height:100px\" aria-hidden=\"true\" class=\"wp-block-spacer\"><\/div>\n\n\n\n<div class=\"wp-block-query is-slider is-layout-flow wp-block-query-is-layout-flow\" data-paged=\"1\" data-attrs=\"{&quot;blockName&quot;:&quot;core\\\/query&quot;,&quot;attrs&quot;:{&quot;queryId&quot;:43,&quot;query&quot;:{&quot;perPage&quot;:&quot;10&quot;,&quot;pages&quot;:0,&quot;offset&quot;:0,&quot;postType&quot;:&quot;post&quot;,&quot;categoryIds&quot;:[],&quot;tagIds&quot;:[309],&quot;order&quot;:&quot;desc&quot;,&quot;orderBy&quot;:&quot;date&quot;,&quot;author&quot;:&quot;&quot;,&quot;search&quot;:&quot;&quot;,&quot;exclude&quot;:[],&quot;sticky&quot;:&quot;&quot;,&quot;inherit&quot;:false},&quot;displayLayout&quot;:{&quot;type&quot;:&quot;flex&quot;,&quot;columns&quot;:3},&quot;className&quot;:&quot;is-slider&quot;},&quot;innerBlocks&quot;:[{&quot;blockName&quot;:&quot;core\\\/post-template&quot;,&quot;attrs&quot;:[],&quot;innerBlocks&quot;:[{&quot;blockName&quot;:&quot;wpbtp\\\/template-part&quot;,&quot;attrs&quot;:{&quot;templatePart&quot;:&quot;template-parts\\\/content-post&quot;},&quot;innerBlocks&quot;:[],&quot;innerHTML&quot;:&quot;&quot;,&quot;innerContent&quot;:[]}],&quot;innerHTML&quot;:&quot;\\n\\n&quot;,&quot;innerContent&quot;:[&quot;\\n&quot;,null,&quot;\\n&quot;]}],&quot;innerHTML&quot;:&quot;\\n&lt;div class=\\&quot;wp-block-query is-slider\\&quot;&gt;&lt;\\\/div&gt;\\n&quot;,&quot;innerContent&quot;:[&quot;\\n&lt;div class=\\&quot;wp-block-query is-slider\\&quot;&gt;&quot;,null,&quot;&lt;\\\/div&gt;\\n&quot;]}\"><div class=\"is-flex-container columns-3 wp-block-post-template is-layout-flow wp-block-post-template-is-layout-flow\"><div class=\"wp-block-post post-9324 post type-post status-publish format-standard has-post-thumbnail category-science-news-es category-vida-marina tag-biodiversity tag-coral-diversity tag-local tag-science entry\">\n<div class=\"wp-block-wpbtp-template-part is-layout-flow wp-block-post-template-is-layout-flow\">\n<article class=\"article article-post post-9324 post type-post status-publish format-standard has-post-thumbnail category-science-news-es category-vida-marina tag-biodiversity tag-coral-diversity tag-local tag-science entry\">\n\t<div class=\"entry-image\">\n\t\t<a href=\"https:\/\/coral.org\/es\/blog\/diversidad-coralina-el-punto-de-partida-de-la-adaptacion-galeria-de-fotos\/\">\n\t\t\t<img loading=\"lazy\" decoding=\"async\" width=\"740\" height=\"560\" src=\"https:\/\/static.coral.org\/uploads\/2026\/04\/Cover-by-Ocean-Image-Bank-Noemi-Merz-740x560.jpg\" class=\"attachment-preview size-preview wp-post-image\" alt=\"A vibrant and thriving coral reef teeming with life\" \/>\t\t<\/a>\n\t<\/div>\n\t<div class=\"entry-meta\">\n\t\t<ul class=\"post-categories\">\n\t<li><a href=\"https:\/\/coral.org\/es\/blog\/category\/science-news-es\/\" rel=\"category tag\">Noticias de Ciencia<\/a><\/li>\n\t<li><a href=\"https:\/\/coral.org\/es\/blog\/category\/vida-marina\/\" rel=\"category tag\">Vida marina<\/a><\/li><\/ul>\t<\/div>\n\t<div class=\"entry-body\">\n\t\t<h2 class=\"entry-title\"><a href=\"https:\/\/coral.org\/es\/blog\/diversidad-coralina-el-punto-de-partida-de-la-adaptacion-galeria-de-fotos\/\" class=\"entry-title-link\">Diversidad coralina: el punto de partida de la adaptaci\u00f3n [Galer\u00eda de fotos]<\/a><\/h2>\t\t<p>Imagina un arrecife de coral como una ciudad ajetreada, llena de hogares, edificios y paisajes \u00fanicos. Y, con ello, de habitantes \u00fanicos que cumplen funciones diferentes. Esta diversidad es fundamental para cualquier ciudad. Lo mismo ocurre bajo el agua. La diversidad de los corales \u2014junto con los peces, los invertebrados y las algas que viven&hellip; <a href=\"https:\/\/coral.org\/es\/blog\/diversidad-coralina-el-punto-de-partida-de-la-adaptacion-galeria-de-fotos\/\" class=\"more-link\">Sigue Leyendo &#8594;<\/a><\/p>\n\t<\/div>\n<\/article>\n<\/div>\n<\/div><div class=\"wp-block-post post-9172 post type-post status-publish format-standard has-post-thumbnail category-impacto category-protected-areas category-socios tag-clean-water tag-hawaii tag-indigenous-stewardship tag-maui-nui tag-science entry\">\n<div class=\"wp-block-wpbtp-template-part is-layout-flow wp-block-post-template-is-layout-flow\">\n<article class=\"article article-post post-9172 post type-post status-publish format-standard has-post-thumbnail category-impacto category-protected-areas category-socios tag-clean-water tag-hawaii tag-indigenous-stewardship tag-maui-nui tag-science entry\">\n\t<div class=\"entry-image\">\n\t\t<a href=\"https:\/\/coral.org\/es\/blog\/de-la-cresta-al-arrecife-de-la-ciencia-a-la-accion-en-maui-nui\/\">\n\t\t\t<img loading=\"lazy\" decoding=\"async\" width=\"740\" height=\"560\" src=\"https:\/\/static.coral.org\/uploads\/2026\/02\/Aerial-view-of-Maui-Nui-shoreline-740x560.jpg\" class=\"attachment-preview size-preview wp-post-image\" alt=\"Aerial view of Maui Nui shoreline and coral reef\" \/>\t\t<\/a>\n\t<\/div>\n\t<div class=\"entry-meta\">\n\t\t<ul class=\"post-categories\">\n\t<li><a href=\"https:\/\/coral.org\/es\/blog\/category\/impacto\/\" rel=\"category tag\">Impacto<\/a><\/li>\n\t<li><a href=\"https:\/\/coral.org\/en\/blog\/category\/protected-areas\/\" rel=\"category tag\">Protected Areas<\/a><\/li>\n\t<li><a href=\"https:\/\/coral.org\/es\/blog\/category\/socios\/\" rel=\"category tag\">Socios<\/a><\/li><\/ul>\t<\/div>\n\t<div class=\"entry-body\">\n\t\t<h2 class=\"entry-title\"><a href=\"https:\/\/coral.org\/es\/blog\/de-la-cresta-al-arrecife-de-la-ciencia-a-la-accion-en-maui-nui\/\" class=\"entry-title-link\">De la cresta al arrecife, de la ciencia a la acci\u00f3n en Maui Nui<\/a><\/h2>\t\t<p>Durante el \u00faltimo a\u00f1o, contribuimos a transformar la ciencia en resultados concretos, convirtiendo la investigaci\u00f3n y las relaciones en un impacto tangible sobre el terreno. A lo largo de Maui Nui, la salud de los arrecifes de coral comienza aguas arriba. Lo que ocurre en tierra \u2014c\u00f3mo se mueve el agua a trav\u00e9s de los&hellip; <a href=\"https:\/\/coral.org\/es\/blog\/de-la-cresta-al-arrecife-de-la-ciencia-a-la-accion-en-maui-nui\/\" class=\"more-link\">Sigue Leyendo &#8594;<\/a><\/p>\n\t<\/div>\n<\/article>\n<\/div>\n<\/div><div class=\"wp-block-post post-8823 post type-post status-publish format-standard has-post-thumbnail category-noticias category-socios tag-coral-conservation tag-data-driven-conservation tag-global-expansion tag-marine-protected-areas tag-science entry\">\n<div class=\"wp-block-wpbtp-template-part is-layout-flow wp-block-post-template-is-layout-flow\">\n<article class=\"article article-post post-8823 post type-post status-publish format-standard has-post-thumbnail category-noticias category-socios tag-coral-conservation tag-data-driven-conservation tag-global-expansion tag-marine-protected-areas tag-science entry\">\n\t<div class=\"entry-image\">\n\t\t<a href=\"https:\/\/coral.org\/es\/blog\/como-las-evaluaciones-instantaneas-dan-forma-al-proximo-capitulo-de-coral\/\">\n\t\t\t<img loading=\"lazy\" decoding=\"async\" width=\"740\" height=\"560\" src=\"https:\/\/static.coral.org\/uploads\/2025\/09\/lagoons7-740x560.jpg\" class=\"attachment-preview size-preview wp-post-image\" alt=\"Photo by Tobias Zimmer\" \/>\t\t<\/a>\n\t<\/div>\n\t<div class=\"entry-meta\">\n\t\t<ul class=\"post-categories\">\n\t<li><a href=\"https:\/\/coral.org\/es\/blog\/category\/noticias\/\" rel=\"category tag\">Noticias<\/a><\/li>\n\t<li><a href=\"https:\/\/coral.org\/es\/blog\/category\/socios\/\" rel=\"category tag\">Socios<\/a><\/li><\/ul>\t<\/div>\n\t<div class=\"entry-body\">\n\t\t<h2 class=\"entry-title\"><a href=\"https:\/\/coral.org\/es\/blog\/como-las-evaluaciones-instantaneas-dan-forma-al-proximo-capitulo-de-coral\/\" class=\"entry-title-link\">C\u00f3mo las evaluaciones instant\u00e1neas dan forma al pr\u00f3ximo cap\u00edtulo de CORAL<\/a><\/h2>\t\t<p>A estas alturas, ya sabr\u00e1s que CORAL est\u00e1 en plena expansi\u00f3n y estamos decididos a que esta sea significativa y duradera. Nuestro equipo est\u00e1 haciendo todo lo posible para determinar exactamente cu\u00e1l ser\u00e1 nuestro pr\u00f3ximo destino. Y esto va mucho m\u00e1s all\u00e1 de girar un globo terr\u00e1queo y elegir un lugar al azar. Me reun\u00ed&hellip; <a href=\"https:\/\/coral.org\/es\/blog\/como-las-evaluaciones-instantaneas-dan-forma-al-proximo-capitulo-de-coral\/\" class=\"more-link\">Sigue Leyendo &#8594;<\/a><\/p>\n\t<\/div>\n<\/article>\n<\/div>\n<\/div><div class=\"wp-block-post post-7799 post type-post status-publish format-standard has-post-thumbnail category-noticias tag-clean-water tag-honduras tag-science entry\">\n<div class=\"wp-block-wpbtp-template-part is-layout-flow wp-block-post-template-is-layout-flow\">\n<article class=\"article article-post post-7799 post type-post status-publish format-standard has-post-thumbnail category-noticias tag-clean-water tag-honduras tag-science entry\">\n\t<div class=\"entry-image\">\n\t\t<a href=\"https:\/\/coral.org\/es\/blog\/donde-trabajamos-conoce-en-exclusiva-nuestros-sitios-de-conservacion-de-arrecifes\/\">\n\t\t\t<img loading=\"lazy\" decoding=\"async\" width=\"740\" height=\"560\" src=\"https:\/\/static.coral.org\/uploads\/2024\/07\/fWB6AZMxcvBnxfsXm3nkhK-1200-80-1-740x560.jpeg\" class=\"attachment-preview size-preview wp-post-image\" alt=\"\" \/>\t\t<\/a>\n\t<\/div>\n\t<div class=\"entry-meta\">\n\t\t<ul class=\"post-categories\">\n\t<li><a href=\"https:\/\/coral.org\/es\/blog\/category\/noticias\/\" rel=\"category tag\">Noticias<\/a><\/li><\/ul>\t<\/div>\n\t<div class=\"entry-body\">\n\t\t<h2 class=\"entry-title\"><a href=\"https:\/\/coral.org\/es\/blog\/donde-trabajamos-conoce-en-exclusiva-nuestros-sitios-de-conservacion-de-arrecifes\/\" class=\"entry-title-link\">D\u00f3nde Trabajamos &#8211; Conoce en Exclusiva Nuestros Sitios de Conservaci\u00f3n de Arrecifes<\/a><\/h2>\t\t<p>\u00bfC\u00f3mo decidimos d\u00f3nde concentrar nuestros esfuerzos para salvar los arrecifes de coral? Es una pregunta que nos hacen a menudo, y la respuesta es tanto estrat\u00e9gica como profundamente arraigada en nuestra misi\u00f3n. As\u00ed que, \u00a1manos a la obra! Tenemos en cuenta tres factores principales a la hora de elegir d\u00f3nde trabajar: las necesidades de adaptaci\u00f3n&hellip; <a href=\"https:\/\/coral.org\/es\/blog\/donde-trabajamos-conoce-en-exclusiva-nuestros-sitios-de-conservacion-de-arrecifes\/\" class=\"more-link\">Sigue Leyendo &#8594;<\/a><\/p>\n\t<\/div>\n<\/article>\n<\/div>\n<\/div><div class=\"wp-block-post post-7725 post type-post status-publish format-standard has-post-thumbnail category-noticias tag-clean-water tag-honduras tag-science entry\">\n<div class=\"wp-block-wpbtp-template-part is-layout-flow wp-block-post-template-is-layout-flow\">\n<article class=\"article article-post post-7725 post type-post status-publish format-standard has-post-thumbnail category-noticias tag-clean-water tag-honduras tag-science entry\">\n\t<div class=\"entry-image\">\n\t\t<a href=\"https:\/\/coral.org\/es\/blog\/9-soluciones-para-los-arrecifes-de-coral-que-cambiaran-las-reglas-del-juego\/\">\n\t\t\t<img loading=\"lazy\" decoding=\"async\" width=\"740\" height=\"560\" src=\"https:\/\/static.coral.org\/uploads\/2024\/07\/0022__polo-740x560.jpg\" class=\"attachment-preview size-preview wp-post-image\" alt=\"\" \/>\t\t<\/a>\n\t<\/div>\n\t<div class=\"entry-meta\">\n\t\t<ul class=\"post-categories\">\n\t<li><a href=\"https:\/\/coral.org\/es\/blog\/category\/noticias\/\" rel=\"category tag\">Noticias<\/a><\/li><\/ul>\t<\/div>\n\t<div class=\"entry-body\">\n\t\t<h2 class=\"entry-title\"><a href=\"https:\/\/coral.org\/es\/blog\/9-soluciones-para-los-arrecifes-de-coral-que-cambiaran-las-reglas-del-juego\/\" class=\"entry-title-link\">9 Soluciones para los Arrecifes de Coral que Cambiar\u00e1n las Reglas del Juego<\/a><\/h2>\t\t<p>\u00bfTirar de la cadena y olvidarse? No tan r\u00e1pido. Las aguas residuales son m\u00e1s importantes de lo que crees. En todo el mundo, las aguas residuales contaminan los oc\u00e9anos, da\u00f1an los arrecifes de coral y amenazan nuestra salud. Pero no tiene que ser as\u00ed. Conectando hogares, empresas e instalaciones tur\u00edsticas a plantas de tratamiento de&hellip; <a href=\"https:\/\/coral.org\/es\/blog\/9-soluciones-para-los-arrecifes-de-coral-que-cambiaran-las-reglas-del-juego\/\" class=\"more-link\">Sigue Leyendo &#8594;<\/a><\/p>\n\t<\/div>\n<\/article>\n<\/div>\n<\/div><div class=\"wp-block-post post-7707 post type-post status-publish format-standard has-post-thumbnail category-noticias tag-eoy22 tag-science entry\">\n<div class=\"wp-block-wpbtp-template-part is-layout-flow wp-block-post-template-is-layout-flow\">\n<article class=\"article article-post post-7707 post type-post status-publish format-standard has-post-thumbnail category-noticias tag-eoy22 tag-science entry\">\n\t<div class=\"entry-image\">\n\t\t<a href=\"https:\/\/coral.org\/es\/blog\/agua-limpia-para-los-arrecifes-como-tu-donacion-marca-la-diferencia\/\">\n\t\t\t<img loading=\"lazy\" decoding=\"async\" width=\"740\" height=\"560\" src=\"https:\/\/static.coral.org\/uploads\/2024\/06\/BICA-Image-8-740x560.jpg\" class=\"attachment-preview size-preview wp-post-image\" alt=\"\" \/>\t\t<\/a>\n\t<\/div>\n\t<div class=\"entry-meta\">\n\t\t<ul class=\"post-categories\">\n\t<li><a href=\"https:\/\/coral.org\/es\/blog\/category\/noticias\/\" rel=\"category tag\">Noticias<\/a><\/li><\/ul>\t<\/div>\n\t<div class=\"entry-body\">\n\t\t<h2 class=\"entry-title\"><a href=\"https:\/\/coral.org\/es\/blog\/agua-limpia-para-los-arrecifes-como-tu-donacion-marca-la-diferencia\/\" class=\"entry-title-link\">Agua Limpia para los Arrecifes &#8211; C\u00f3mo Tu Donaci\u00f3n Marca la Diferencia<\/a><\/h2>\t\t<p>\u00bfPor qu\u00e9 el agua limpia es esencial para nuestra misi\u00f3n? Para salvar los arrecifes de coral, debemos enfrentarnos a dos grandes amenazas: la mala calidad del agua por la contaminaci\u00f3n de origen terrestre y las pr\u00e1cticas pesqueras insostenibles. Si abordamos estos problemas y aplicamos una planificaci\u00f3n clim\u00e1ticamente inteligente, podremos ayudar a los arrecifes de coral&hellip; <a href=\"https:\/\/coral.org\/es\/blog\/agua-limpia-para-los-arrecifes-como-tu-donacion-marca-la-diferencia\/\" class=\"more-link\">Sigue Leyendo &#8594;<\/a><\/p>\n\t<\/div>\n<\/article>\n<\/div>\n<\/div><div class=\"wp-block-post post-7607 post type-post status-publish format-standard has-post-thumbnail category-noticias tag-eoy22 tag-science entry\">\n<div class=\"wp-block-wpbtp-template-part is-layout-flow wp-block-post-template-is-layout-flow\">\n<article class=\"article article-post post-7607 post type-post status-publish format-standard has-post-thumbnail category-noticias tag-eoy22 tag-science entry\">\n\t<div class=\"entry-image\">\n\t\t<a href=\"https:\/\/coral.org\/es\/blog\/los-principales-problemas-de-calidad-del-agua-que-afectan-hoy-a-los-arrecifes-de-coral\/\">\n\t\t\t<img loading=\"lazy\" decoding=\"async\" width=\"740\" height=\"560\" src=\"https:\/\/static.coral.org\/uploads\/2024\/06\/6-Water-Quality-Issues-Plaguing-Coral-Reefs-740x560.jpg\" class=\"attachment-preview size-preview wp-post-image\" alt=\"\" \/>\t\t<\/a>\n\t<\/div>\n\t<div class=\"entry-meta\">\n\t\t<ul class=\"post-categories\">\n\t<li><a href=\"https:\/\/coral.org\/es\/blog\/category\/noticias\/\" rel=\"category tag\">Noticias<\/a><\/li><\/ul>\t<\/div>\n\t<div class=\"entry-body\">\n\t\t<h2 class=\"entry-title\"><a href=\"https:\/\/coral.org\/es\/blog\/los-principales-problemas-de-calidad-del-agua-que-afectan-hoy-a-los-arrecifes-de-coral\/\" class=\"entry-title-link\">Los Principales Problemas de Calidad del Agua que Afectan Hoy a los Arrecifes de Coral<\/a><\/h2>\t\t<p>\u00bfTe imaginas verte obligado a beber, nadar y ba\u00f1arte constantemente en aguas sucias y contaminadas? Es una dura realidad para muchos seres humanos, pero, ir\u00f3nicamente, nuestras acciones someten a los arrecifes de coral a las mismas condiciones sombr\u00edas. Las amenazas a la calidad del agua son uno de los principales responsables del declive de los&hellip; <a href=\"https:\/\/coral.org\/es\/blog\/los-principales-problemas-de-calidad-del-agua-que-afectan-hoy-a-los-arrecifes-de-coral\/\" class=\"more-link\">Sigue Leyendo &#8594;<\/a><\/p>\n\t<\/div>\n<\/article>\n<\/div>\n<\/div><div class=\"wp-block-post post-7593 post type-post status-publish format-standard has-post-thumbnail category-noticias tag-eoy22 tag-science entry\">\n<div class=\"wp-block-wpbtp-template-part is-layout-flow wp-block-post-template-is-layout-flow\">\n<article class=\"article article-post post-7593 post type-post status-publish format-standard has-post-thumbnail category-noticias tag-eoy22 tag-science entry\">\n\t<div class=\"entry-image\">\n\t\t<a href=\"https:\/\/coral.org\/es\/blog\/por-que-el-agua-limpia-es-vital-para-el-futuro-de-nuestros-oceanos\/\">\n\t\t\t<img loading=\"lazy\" decoding=\"async\" width=\"740\" height=\"560\" src=\"https:\/\/static.coral.org\/uploads\/2024\/06\/4-Blog-Why-Clean-Water-is-Vital-for-the-Future-of-Our-Oceans-740x560.jpg\" class=\"attachment-preview size-preview wp-post-image\" alt=\"\" \/>\t\t<\/a>\n\t<\/div>\n\t<div class=\"entry-meta\">\n\t\t<ul class=\"post-categories\">\n\t<li><a href=\"https:\/\/coral.org\/es\/blog\/category\/noticias\/\" rel=\"category tag\">Noticias<\/a><\/li><\/ul>\t<\/div>\n\t<div class=\"entry-body\">\n\t\t<h2 class=\"entry-title\"><a href=\"https:\/\/coral.org\/es\/blog\/por-que-el-agua-limpia-es-vital-para-el-futuro-de-nuestros-oceanos\/\" class=\"entry-title-link\">Por Qu\u00e9 el Agua Limpia es Vital Para el Futuro de Nuestros Oc\u00e9anos<\/a><\/h2>\t\t<p>Mientras afrontamos los retos del siglo XXI, la salud de nuestros oc\u00e9anos sigue siendo una preocupaci\u00f3n fundamental. Los oc\u00e9anos cubren m\u00e1s del 70% de la superficie de nuestro planeta y son esenciales para la vida en la Tierra. Sin embargo, el futuro de estas vastas aguas que sustentan la vida est\u00e1 cada vez m\u00e1s amenazado.&hellip; <a href=\"https:\/\/coral.org\/es\/blog\/por-que-el-agua-limpia-es-vital-para-el-futuro-de-nuestros-oceanos\/\" class=\"more-link\">Sigue Leyendo &#8594;<\/a><\/p>\n\t<\/div>\n<\/article>\n<\/div>\n<\/div><div class=\"wp-block-post post-7117 post type-post status-publish format-standard has-post-thumbnail category-guide tag-science entry\">\n<div class=\"wp-block-wpbtp-template-part is-layout-flow wp-block-post-template-is-layout-flow\">\n<article class=\"article article-post post-7117 post type-post status-publish format-standard has-post-thumbnail category-guide tag-science entry\">\n\t<div class=\"entry-image\">\n\t\t<a href=\"https:\/\/coral.org\/es\/blog\/que-es-un-area-marina-protegida-amp\/\">\n\t\t\t<img loading=\"lazy\" decoding=\"async\" width=\"740\" height=\"560\" src=\"https:\/\/static.coral.org\/uploads\/2023\/04\/DSC02480-1-740x560.jpg\" class=\"attachment-preview size-preview wp-post-image\" alt=\"\" \/>\t\t<\/a>\n\t<\/div>\n\t<div class=\"entry-meta\">\n\t\t<ul class=\"post-categories\">\n\t<li><a href=\"https:\/\/coral.org\/es\/blog\/category\/guide\/\" rel=\"category tag\">Gu\u00eda<\/a><\/li><\/ul>\t<\/div>\n\t<div class=\"entry-body\">\n\t\t<h2 class=\"entry-title\"><a href=\"https:\/\/coral.org\/es\/blog\/que-es-un-area-marina-protegida-amp\/\" class=\"entry-title-link\">\u00bfQu\u00e9 es un \u00c1rea Marina Protegida (AMP)?<\/a><\/h2>\t\t<p>En el sector de la conservaci\u00f3n y las organizaciones sin fines de lucro, utilizamos muchos acr\u00f3nimos. Para nuestro equipo, ninguna es m\u00e1s importante que \u00abAMP\u00bb, un \u00e1rea marina protegida. Las \u00c1reas Marinas Protegidas (AMP) son zonas del oc\u00e9ano designadas con fines de conservaci\u00f3n y gesti\u00f3n. Estas zonas tienen por objeto preservar y proteger la vida&hellip; <a href=\"https:\/\/coral.org\/es\/blog\/que-es-un-area-marina-protegida-amp\/\" class=\"more-link\">Sigue Leyendo &#8594;<\/a><\/p>\n\t<\/div>\n<\/article>\n<\/div>\n<\/div><div class=\"wp-block-post post-7084 post type-post status-publish format-standard has-post-thumbnail category-what-you-can-do-es category-science-news-es tag-science entry\">\n<div class=\"wp-block-wpbtp-template-part is-layout-flow wp-block-post-template-is-layout-flow\">\n<article class=\"article article-post post-7084 post type-post status-publish format-standard has-post-thumbnail category-what-you-can-do-es category-science-news-es tag-science entry\">\n\t<div class=\"entry-image\">\n\t\t<a href=\"https:\/\/coral.org\/es\/blog\/que-es-el-blanqueamiento-del-coral-y-por-que-deberia-preocuparte\/\">\n\t\t\t<img loading=\"lazy\" decoding=\"async\" width=\"740\" height=\"560\" src=\"https:\/\/static.coral.org\/uploads\/2023\/03\/OceanImageBank_TheOceanAgency_Fluorescing_01-740x560.jpeg\" class=\"attachment-preview size-preview wp-post-image\" alt=\"\" \/>\t\t<\/a>\n\t<\/div>\n\t<div class=\"entry-meta\">\n\t\t<ul class=\"post-categories\">\n\t<li><a href=\"https:\/\/coral.org\/es\/blog\/category\/what-you-can-do-es\/\" rel=\"category tag\">Lo que puedes hacer<\/a><\/li>\n\t<li><a href=\"https:\/\/coral.org\/es\/blog\/category\/science-news-es\/\" rel=\"category tag\">Noticias de Ciencia<\/a><\/li><\/ul>\t<\/div>\n\t<div class=\"entry-body\">\n\t\t<h2 class=\"entry-title\"><a href=\"https:\/\/coral.org\/es\/blog\/que-es-el-blanqueamiento-del-coral-y-por-que-deberia-preocuparte\/\" class=\"entry-title-link\">\u00bfQu\u00e9 es el Blanqueamiento del Coral y Por Qu\u00e9 Deber\u00eda Preocuparte?<\/a><\/h2>\t\t<p>Imag\u00ednate esto: acabas de llegar al destino tropical de tus sue\u00f1os, a punto de explorar las aguas cristalinas y el vibrante mundo submarino. Al colocarte el equipo de snorkel y sumergirte en el oc\u00e9ano, te sentir\u00e1s inmediatamente transportado a un mundo m\u00e1gico de colores y formas. El agua est\u00e1 c\u00e1lida, el sol brilla y los&hellip; <a href=\"https:\/\/coral.org\/es\/blog\/que-es-el-blanqueamiento-del-coral-y-por-que-deberia-preocuparte\/\" class=\"more-link\">Sigue Leyendo &#8594;<\/a><\/p>\n\t<\/div>\n<\/article>\n<\/div>\n<\/div><\/div><\/div>\n","protected":false},"excerpt":{"rendered":"<p>Somos l\u00edderes en la ciencia de la conservaci\u00f3n de los arrecifes de coral. Nuestra investigaci\u00f3n proactiva ha demostrado c\u00f3mo los arrecifes de coral pueden adaptarse con \u00e9xito a los efectos del cambio clim\u00e1tico, si los humanos crean las condiciones que ayudan a los arrecifes a evolucionar de forma natural. Creemos que la ciencia s\u00f3lida, las&hellip; <a href=\"https:\/\/coral.org\/es\/como-trabajamos\/scientific-leadership\/\" class=\"more-link\">Sigue Leyendo &#8594;<\/a><\/p>\n","protected":false},"author":1,"featured_media":3350,"parent":4415,"menu_order":1,"comment_status":"closed","ping_status":"closed","template":"","meta":{"_acf_changed":false,"inline_featured_image":false,"_genesis_hide_title":false,"_genesis_hide_breadcrumbs":false,"_genesis_hide_singular_image":false,"_genesis_hide_footer_widgets":false,"_genesis_custom_body_class":"","_genesis_custom_post_class":"","_genesis_layout":"","_genesis_transparent_header":false,"_genesis_hide_siblings_nav":false,"_genesis_hide_flyout":false,"_genesis_subtitle":"","_genesis_subheading":"","footnotes":""},"class_list":{"0":"post-4202","1":"page","2":"type-page","3":"status-publish","4":"has-post-thumbnail","6":"entry"},"acf":[],"template_part":"","featured_image_src":"https:\/\/static.coral.org\/uploads\/2021\/09\/coral-scientific-leadership-hero-2-600x400.jpg","featured_image_src_square":"https:\/\/static.coral.org\/uploads\/2021\/09\/coral-scientific-leadership-hero-2-600x600.jpg","_links":{"self":[{"href":"https:\/\/coral.org\/es\/wp-json\/wp\/v2\/pages\/4202","targetHints":{"allow":["GET"]}}],"collection":[{"href":"https:\/\/coral.org\/es\/wp-json\/wp\/v2\/pages"}],"about":[{"href":"https:\/\/coral.org\/es\/wp-json\/wp\/v2\/types\/page"}],"author":[{"embeddable":true,"href":"https:\/\/coral.org\/es\/wp-json\/wp\/v2\/users\/1"}],"replies":[{"embeddable":true,"href":"https:\/\/coral.org\/es\/wp-json\/wp\/v2\/comments?post=4202"}],"version-history":[{"count":0,"href":"https:\/\/coral.org\/es\/wp-json\/wp\/v2\/pages\/4202\/revisions"}],"up":[{"embeddable":true,"href":"https:\/\/coral.org\/es\/wp-json\/wp\/v2\/pages\/4415"}],"wp:featuredmedia":[{"embeddable":true,"href":"https:\/\/coral.org\/es\/wp-json\/wp\/v2\/media\/3350"}],"wp:attachment":[{"href":"https:\/\/coral.org\/es\/wp-json\/wp\/v2\/media?parent=4202"}],"curies":[{"name":"wp","href":"https:\/\/api.w.org\/{rel}","templated":true}]}}