{"id":4425,"date":"2021-10-01T20:01:03","date_gmt":"2021-10-02T03:01:03","guid":{"rendered":"https:\/\/coral.org\/?page_id=4425"},"modified":"2021-10-07T21:28:16","modified_gmt":"2021-10-08T04:28:16","slug":"comunicados-de-prensa","status":"publish","type":"page","link":"https:\/\/coral.org\/es\/noticias-y-eventos\/comunicados-de-prensa\/","title":{"rendered":"Comunicados de Prensa"},"content":{"rendered":"\n<div class=\"wp-block-query is-layout-flow wp-block-query-is-layout-flow\" data-paged=\"1\" data-attrs=\"{&quot;blockName&quot;:&quot;core\\\/query&quot;,&quot;attrs&quot;:{&quot;queryId&quot;:8,&quot;query&quot;:{&quot;perPage&quot;:&quot;10&quot;,&quot;pages&quot;:0,&quot;offset&quot;:0,&quot;postType&quot;:&quot;post&quot;,&quot;categoryIds&quot;:[352],&quot;tagIds&quot;:[],&quot;order&quot;:&quot;desc&quot;,&quot;orderBy&quot;:&quot;date&quot;,&quot;author&quot;:&quot;&quot;,&quot;search&quot;:&quot;&quot;,&quot;exclude&quot;:[],&quot;sticky&quot;:&quot;&quot;,&quot;inherit&quot;:false}},&quot;innerBlocks&quot;:[{&quot;blockName&quot;:&quot;core\\\/post-template&quot;,&quot;attrs&quot;:[],&quot;innerBlocks&quot;:[{&quot;blockName&quot;:&quot;wpbtp\\\/template-part&quot;,&quot;attrs&quot;:{&quot;templatePart&quot;:&quot;template-parts\\\/content-press_release&quot;},&quot;innerBlocks&quot;:[],&quot;innerHTML&quot;:&quot;&quot;,&quot;innerContent&quot;:[]}],&quot;innerHTML&quot;:&quot;\\n\\n&quot;,&quot;innerContent&quot;:[&quot;\\n&quot;,null,&quot;\\n&quot;]},{&quot;blockName&quot;:&quot;core\\\/spacer&quot;,&quot;attrs&quot;:[],&quot;innerBlocks&quot;:[],&quot;innerHTML&quot;:&quot;\\n&lt;div style=\\&quot;height:100px\\&quot; aria-hidden=\\&quot;true\\&quot; class=\\&quot;wp-block-spacer\\&quot;&gt;&lt;\\\/div&gt;\\n&quot;,&quot;innerContent&quot;:[&quot;\\n&lt;div style=\\&quot;height:100px\\&quot; aria-hidden=\\&quot;true\\&quot; class=\\&quot;wp-block-spacer\\&quot;&gt;&lt;\\\/div&gt;\\n&quot;]},{&quot;blockName&quot;:&quot;core\\\/query-pagination&quot;,&quot;attrs&quot;:[],&quot;innerBlocks&quot;:[{&quot;blockName&quot;:&quot;core\\\/query-pagination-numbers&quot;,&quot;attrs&quot;:[],&quot;innerBlocks&quot;:[],&quot;innerHTML&quot;:&quot;&quot;,&quot;innerContent&quot;:[]}],&quot;innerHTML&quot;:&quot;\\n&lt;div class=\\&quot;wp-block-query-pagination\\&quot;&gt;&lt;\\\/div&gt;\\n&quot;,&quot;innerContent&quot;:[&quot;\\n&lt;div class=\\&quot;wp-block-query-pagination\\&quot;&gt;&quot;,null,&quot;&lt;\\\/div&gt;\\n&quot;]}],&quot;innerHTML&quot;:&quot;\\n&lt;div class=\\&quot;wp-block-query\\&quot;&gt;\\n\\n\\n\\n&lt;\\\/div&gt;\\n&quot;,&quot;innerContent&quot;:[&quot;\\n&lt;div class=\\&quot;wp-block-query\\&quot;&gt;&quot;,null,&quot;\\n\\n&quot;,null,&quot;\\n\\n&quot;,null,&quot;&lt;\\\/div&gt;\\n&quot;]}\"><div class=\"wp-block-post-template is-layout-flow wp-block-post-template-is-layout-flow\"><div class=\"wp-block-post post-8972 post type-post status-publish format-standard has-post-thumbnail category-nota-de-prensa category-noticias tag-clean-water tag-climate-resilience tag-coastal-communities tag-community-led-conservation tag-coral-reef-conservation tag-eastern-caribbean tag-marine-protected-areas tag-ocean-health entry\">\n<div class=\"wp-block-wpbtp-template-part is-layout-flow wp-block-post-template-is-layout-flow\">\n<article class=\"article article-press-release post-8972 post type-post status-publish format-standard has-post-thumbnail category-nota-de-prensa category-noticias tag-clean-water tag-climate-resilience tag-coastal-communities tag-community-led-conservation tag-coral-reef-conservation tag-eastern-caribbean tag-marine-protected-areas tag-ocean-health entry\">\n\t<a class=\"entry-icon entry-mime-type\" href=\"https:\/\/coral.org\/es\/blog\/coral-inaugura-un-nuevo-centro-de-operaciones-en-el-caribe-oriental\/\">\n\t\t<i class=\"fas fa-bullhorn\"><\/i>\n\t<\/a>\n\t<div class=\"entry-body\">\n\t\t<div class=\"entry-meta\">\n\t\t\t\n\t\t\t<span>17 de diciembre de 2025<\/span>\n\n\t\t\t\t\t<\/div>\n\t\t<h4 class=\"entry-title\"><a href=\"https:\/\/coral.org\/es\/blog\/coral-inaugura-un-nuevo-centro-de-operaciones-en-el-caribe-oriental\/\" class=\"entry-title-link\">CORAL inaugura un nuevo centro regional en el Caribe Oriental<\/a><\/h4>\t<\/div>\n<\/article>\n<\/div>\n<\/div><div class=\"wp-block-post post-7489 post type-post status-publish format-standard has-post-thumbnail category-en-las-noticias category-nota-de-prensa category-noticias tag-coral-bleaching tag-earth-month entry\">\n<div class=\"wp-block-wpbtp-template-part is-layout-flow wp-block-post-template-is-layout-flow\">\n<article class=\"article article-press-release post-7489 post type-post status-publish format-standard has-post-thumbnail category-en-las-noticias category-nota-de-prensa category-noticias tag-coral-bleaching tag-earth-month entry\">\n\t<a class=\"entry-icon entry-mime-type\" href=\"https:\/\/coral.org\/es\/blog\/el-cuarto-episodio-mundial-de-blanqueamiento-del-coral-subraya-la-urgencia-de-actuar\/\">\n\t\t<i class=\"fas fa-bullhorn\"><\/i>\n\t<\/a>\n\t<div class=\"entry-body\">\n\t\t<div class=\"entry-meta\">\n\t\t\t\n\t\t\t<span>16 de mayo de 2024<\/span>\n\n\t\t\t\t\t<\/div>\n\t\t<h4 class=\"entry-title\"><a href=\"https:\/\/coral.org\/es\/blog\/el-cuarto-episodio-mundial-de-blanqueamiento-del-coral-subraya-la-urgencia-de-actuar\/\" class=\"entry-title-link\">El Cuarto Episodio Mundial de Blanqueamiento del Coral Subraya la Urgencia de Actuar<\/a><\/h4>\t<\/div>\n<\/article>\n<\/div>\n<\/div><div class=\"wp-block-post post-7393 post type-post status-publish format-standard has-post-thumbnail category-en-las-noticias category-nota-de-prensa category-noticias tag-clean-water tag-honduras entry\">\n<div class=\"wp-block-wpbtp-template-part is-layout-flow wp-block-post-template-is-layout-flow\">\n<article class=\"article article-press-release post-7393 post type-post status-publish format-standard has-post-thumbnail category-en-las-noticias category-nota-de-prensa category-noticias tag-clean-water tag-honduras entry\">\n\t<a class=\"entry-icon entry-mime-type\" href=\"https:\/\/coral.org\/es\/blog\/dos-arrecifes-del-caribe-gravemente-afectados-por-el-blanqueamiento-del-coral-y-el-cambio-climatico\/\">\n\t\t<i class=\"fas fa-bullhorn\"><\/i>\n\t<\/a>\n\t<div class=\"entry-body\">\n\t\t<div class=\"entry-meta\">\n\t\t\t\n\t\t\t<span>20 de marzo de 2024<\/span>\n\n\t\t\t\t\t<\/div>\n\t\t<h4 class=\"entry-title\"><a href=\"https:\/\/coral.org\/es\/blog\/dos-arrecifes-del-caribe-gravemente-afectados-por-el-blanqueamiento-del-coral-y-el-cambio-climatico\/\" class=\"entry-title-link\">Dos Arrecifes del Caribe Gravemente Afectados por el Blanqueamiento del Coral y el Cambio Clim\u00e1tico<\/a><\/h4>\t<\/div>\n<\/article>\n<\/div>\n<\/div><div class=\"wp-block-post post-7339 post type-post status-publish format-standard has-post-thumbnail category-en-las-noticias category-nota-de-prensa category-noticias tag-grants tag-hawaii tag-maui entry\">\n<div class=\"wp-block-wpbtp-template-part is-layout-flow wp-block-post-template-is-layout-flow\">\n<article class=\"article article-press-release post-7339 post type-post status-publish format-standard has-post-thumbnail category-en-las-noticias category-nota-de-prensa category-noticias tag-grants tag-hawaii tag-maui entry\">\n\t<a class=\"entry-icon entry-mime-type\" href=\"https:\/\/coral.org\/es\/blog\/lanzamiento-de-la-iniciativa-climate-reefs-para-promover-vias-equitativas-de-adaptacion-al-cambio-climatico-en-asia-y-el-pacifico\/\">\n\t\t<i class=\"fas fa-bullhorn\"><\/i>\n\t<\/a>\n\t<div class=\"entry-body\">\n\t\t<div class=\"entry-meta\">\n\t\t\t\n\t\t\t<span>11 de febrero de 2024<\/span>\n\n\t\t\t\t\t<\/div>\n\t\t<h4 class=\"entry-title\"><a href=\"https:\/\/coral.org\/es\/blog\/lanzamiento-de-la-iniciativa-climate-reefs-para-promover-vias-equitativas-de-adaptacion-al-cambio-climatico-en-asia-y-el-pacifico\/\" class=\"entry-title-link\">Lanzamiento de la Iniciativa \u00abClimate REEFS\u00bb para Promover V\u00edas Equitativas de Adaptaci\u00f3n al Cambio Clim\u00e1tico en Asia y el Pac\u00edfico<\/a><\/h4>\t<\/div>\n<\/article>\n<\/div>\n<\/div><div class=\"wp-block-post post-7118 post type-post status-publish format-standard has-post-thumbnail category-en-las-noticias category-nota-de-prensa category-noticias tag-grants tag-hawaii tag-maui entry\">\n<div class=\"wp-block-wpbtp-template-part is-layout-flow wp-block-post-template-is-layout-flow\">\n<article class=\"article article-press-release post-7118 post type-post status-publish format-standard has-post-thumbnail category-en-las-noticias category-nota-de-prensa category-noticias tag-grants tag-hawaii tag-maui entry\">\n\t<a class=\"entry-icon entry-mime-type\" href=\"https:\/\/coral.org\/es\/blog\/coral-recibe-un-financiamiento-transformador-para-los-arrecifes-de-maui-nui\/\">\n\t\t<i class=\"fas fa-bullhorn\"><\/i>\n\t<\/a>\n\t<div class=\"entry-body\">\n\t\t<div class=\"entry-meta\">\n\t\t\t\n\t\t\t<span>24 de noviembre de 2023<\/span>\n\n\t\t\t\t\t<\/div>\n\t\t<h4 class=\"entry-title\"><a href=\"https:\/\/coral.org\/es\/blog\/coral-recibe-un-financiamiento-transformador-para-los-arrecifes-de-maui-nui\/\" class=\"entry-title-link\">CORAL Recibe un Financiamiento Transformador para los Arrecifes de Maui Nui<\/a><\/h4>\t<\/div>\n<\/article>\n<\/div>\n<\/div><div class=\"wp-block-post post-6053 post type-post status-publish format-standard has-post-thumbnail category-nota-de-prensa entry\">\n<div class=\"wp-block-wpbtp-template-part is-layout-flow wp-block-post-template-is-layout-flow\">\n<article class=\"article article-press-release post-6053 post type-post status-publish format-standard has-post-thumbnail category-nota-de-prensa entry\">\n\t<a class=\"entry-icon entry-mime-type\" href=\"https:\/\/coral.org\/es\/blog\/originaria-de-caroline-del-norte-para-dirigir-la-alianza-de-arrecifes-de-coral\/\">\n\t\t<i class=\"fas fa-bullhorn\"><\/i>\n\t<\/a>\n\t<div class=\"entry-body\">\n\t\t<div class=\"entry-meta\">\n\t\t\t\n\t\t\t<span>11 de julio de 2022<\/span>\n\n\t\t\t\t\t<\/div>\n\t\t<h4 class=\"entry-title\"><a href=\"https:\/\/coral.org\/es\/blog\/originaria-de-caroline-del-norte-para-dirigir-la-alianza-de-arrecifes-de-coral\/\" class=\"entry-title-link\">Originaria de Caroline del Norte para Dirigir la Alianza de Arrecifes de Coral<\/a><\/h4>\t<\/div>\n<\/article>\n<\/div>\n<\/div><div class=\"wp-block-post post-5752 post type-post status-publish format-standard has-post-thumbnail category-nota-de-prensa entry\">\n<div class=\"wp-block-wpbtp-template-part is-layout-flow wp-block-post-template-is-layout-flow\">\n<article class=\"article article-press-release post-5752 post type-post status-publish format-standard has-post-thumbnail category-nota-de-prensa entry\">\n\t<a class=\"entry-icon entry-mime-type\" href=\"https:\/\/coral.org\/es\/blog\/es-poco-probable-que-el-cultivo-de-supercorales-proteja-por-si-solo-a-los-arrecifes-de-coral-del-cambio-climatico\/\">\n\t\t<i class=\"fas fa-bullhorn\"><\/i>\n\t<\/a>\n\t<div class=\"entry-body\">\n\t\t<div class=\"entry-meta\">\n\t\t\t\n\t\t\t<span>11 de mayo de 2022<\/span>\n\n\t\t\t\t\t<\/div>\n\t\t<h4 class=\"entry-title\"><a href=\"https:\/\/coral.org\/es\/blog\/es-poco-probable-que-el-cultivo-de-supercorales-proteja-por-si-solo-a-los-arrecifes-de-coral-del-cambio-climatico\/\" class=\"entry-title-link\">Es Poco Probable que el Cultivo de Supercorales Proteja por s\u00ed Solo a los Arrecifes de Coral del Cambio Clim\u00e1tico<\/a><\/h4>\t<\/div>\n<\/article>\n<\/div>\n<\/div><div class=\"wp-block-post post-5399 post type-post status-publish format-standard has-post-thumbnail category-nota-de-prensa tag-clean-water tag-hawaii tag-hawaii-island tag-local entry\">\n<div class=\"wp-block-wpbtp-template-part is-layout-flow wp-block-post-template-is-layout-flow\">\n<article class=\"article article-press-release post-5399 post type-post status-publish format-standard has-post-thumbnail category-nota-de-prensa tag-clean-water tag-hawaii tag-hawaii-island tag-local entry\">\n\t<a class=\"entry-icon entry-mime-type\" href=\"https:\/\/coral.org\/es\/blog\/nuevos-datos-sobre-la-calidad-del-agua-empoderan-a-los-residentes-locales\/\">\n\t\t<i class=\"fas fa-bullhorn\"><\/i>\n\t<\/a>\n\t<div class=\"entry-body\">\n\t\t<div class=\"entry-meta\">\n\t\t\t\n\t\t\t<span>14 de febrero de 2022<\/span>\n\n\t\t\t\t\t<\/div>\n\t\t<h4 class=\"entry-title\"><a href=\"https:\/\/coral.org\/es\/blog\/nuevos-datos-sobre-la-calidad-del-agua-empoderan-a-los-residentes-locales\/\" class=\"entry-title-link\">Nuevos Datos Sobre La Calidad Del Agua Empoderan a Los Residentes Locales<\/a><\/h4>\t<\/div>\n<\/article>\n<\/div>\n<\/div><\/div>\n\n\n<div style=\"height:100px\" aria-hidden=\"true\" class=\"wp-block-spacer\"><\/div>\n\n\n<a href=\"#\" class=\"view-more-query button\">Ver M\u00e1s<\/a><\/div>\n","protected":false},"excerpt":{"rendered":"","protected":false},"author":2,"featured_media":1698,"parent":4419,"menu_order":3,"comment_status":"closed","ping_status":"closed","template":"","meta":{"_acf_changed":false,"inline_featured_image":false,"_genesis_hide_title":false,"_genesis_hide_breadcrumbs":false,"_genesis_hide_singular_image":false,"_genesis_hide_footer_widgets":false,"_genesis_custom_body_class":"","_genesis_custom_post_class":"","_genesis_layout":"","_genesis_transparent_header":false,"_genesis_hide_siblings_nav":false,"_genesis_hide_flyout":false,"_genesis_subtitle":"","_genesis_subheading":"","footnotes":""},"class_list":{"0":"post-4425","1":"page","2":"type-page","3":"status-publish","4":"has-post-thumbnail","6":"entry"},"acf":[],"template_part":"","featured_image_src":"https:\/\/static.coral.org\/uploads\/2021\/08\/coral-press-releases-hero.jpg","featured_image_src_square":"https:\/\/static.coral.org\/uploads\/2021\/08\/coral-press-releases-hero.jpg","_links":{"self":[{"href":"https:\/\/coral.org\/es\/wp-json\/wp\/v2\/pages\/4425","targetHints":{"allow":["GET"]}}],"collection":[{"href":"https:\/\/coral.org\/es\/wp-json\/wp\/v2\/pages"}],"about":[{"href":"https:\/\/coral.org\/es\/wp-json\/wp\/v2\/types\/page"}],"author":[{"embeddable":true,"href":"https:\/\/coral.org\/es\/wp-json\/wp\/v2\/users\/2"}],"replies":[{"embeddable":true,"href":"https:\/\/coral.org\/es\/wp-json\/wp\/v2\/comments?post=4425"}],"version-history":[{"count":0,"href":"https:\/\/coral.org\/es\/wp-json\/wp\/v2\/pages\/4425\/revisions"}],"up":[{"embeddable":true,"href":"https:\/\/coral.org\/es\/wp-json\/wp\/v2\/pages\/4419"}],"wp:featuredmedia":[{"embeddable":true,"href":"https:\/\/coral.org\/es\/wp-json\/wp\/v2\/media\/1698"}],"wp:attachment":[{"href":"https:\/\/coral.org\/es\/wp-json\/wp\/v2\/media?parent=4425"}],"curies":[{"name":"wp","href":"https:\/\/api.w.org\/{rel}","templated":true}]}}